{"id":3537,"date":"2018-02-01T09:59:39","date_gmt":"2018-02-01T08:59:39","guid":{"rendered":"http:\/\/www.aupredulac.eu\/camping-isere\/"},"modified":"2022-04-29T17:13:27","modified_gmt":"2022-04-29T15:13:27","slug":"camping-isere","status":"publish","type":"page","link":"https:\/\/www.aupredulac.eu\/nl\/camping-isere\/","title":{"rendered":"Notre r\u00e9gion (NL)"},"content":{"rendered":"<p>[vc_row full_width=&#8221;stretch_row&#8221; parallax=&#8221;content-moving&#8221; parallax_image=&#8221;2839&#8243; parallax_speed_bg=&#8221;2&#8243; el_id=&#8221;parallax&#8221;][vc_column][vc_empty_space height=&#8221;200px&#8221;][\/vc_column][\/vc_row][vc_row content_placement=&#8221;middle&#8221; css=&#8221;.vc_custom_1523628103696{margin-top: -80px !important;background-color: #61d007 !important;}&#8221; el_id=&#8221;resa&#8221;][vc_column width=&#8221;1\/2&#8243; css=&#8221;.vc_custom_1523623266330{padding-top: 25px !important;padding-right: 50px !important;padding-bottom: 25px !important;}&#8221;][vc_column_text el_id=&#8221;texteTop&#8221; css=&#8221;.vc_custom_1523629646409{margin-bottom: 0px !important;}&#8221;]R\u00e9servez maintenant<br \/>\nvotre location[\/vc_column_text][\/vc_column][vc_column width=&#8221;1\/2&#8243; css=&#8221;.vc_custom_1523623235128{margin-top: 0px !important;margin-bottom: 0px !important;padding-top: 25px !important;padding-right: 0px !important;padding-bottom: 25px !important;padding-left: 50px !important;}&#8221;][vc_column_text el_id=&#8221;btnTop&#8221; css=&#8221;.vc_custom_1651245196773{margin-bottom: 0px !important;}&#8221;]<a href=\"https:\/\/bookingpremium.secureholiday.net\/fr\/1766\/\"><span id=\"texte\">J&#8217;en profite<\/span><span id=\"fleche\"><img src=\"https:\/\/www.aupredulac.eu\/wp-content\/uploads\/2018\/02\/arrow_right_white.png\" alt=\"fleche\" \/><\/span><\/a>[\/vc_column_text][\/vc_column][\/vc_row][vc_row el_id=&#8221;titre&#8221;][vc_column][vc_column_text el_class=&#8221;titreHome&#8221;]<\/p>\n<h1 style=\"text-align: center;\">Camping Is\u00e8re<\/h1>\n<p>[\/vc_column_text][vc_separator color=&#8221;custom&#8221; border_width=&#8221;6&#8243; el_width=&#8221;10&#8243; accent_color=&#8221;#61d007&#8243;][\/vc_column][\/vc_row][vc_row full_width=&#8221;stretch_row&#8221; el_id=&#8221;head&#8221;][vc_column width=&#8221;1\/2&#8243;][vc_column_text]<\/p>\n<p class=\"h3\"><a href=\"https:\/\/www.isere.fr\/\">Le d\u00e9partement de l\u2019Is\u00e8re<\/a>, situ\u00e9 au sud-est de la France b\u00e9n\u00e9ficie d\u2019une diversit\u00e9 g\u00e9ographique pour passer des vacances inoubliables !<\/p>\n<p>[\/vc_column_text][\/vc_column][vc_column width=&#8221;1\/2&#8243;][vc_column_text]<\/p>\n<p class=\"h3\">Quelque soit la saison, de nombreuses activit\u00e9s sont propos\u00e9es et ne manqueront pas de satisfaire les petits comme les grands. Impossible de s\u2019ennuyer en Is\u00e8re !<\/p>\n<p>[\/vc_column_text][\/vc_column][\/vc_row][vc_row el_id=&#8221;head-2&#8243;][vc_column width=&#8221;1\/6&#8243;][\/vc_column][vc_column width=&#8221;2\/3&#8243;][vc_column_text css=&#8221;.vc_custom_1523370867167{margin-bottom: 55px !important;}&#8221;]<\/p>\n<p class=\"h3\">Ce d\u00e9partement b\u00e9n\u00e9ficie d\u2019un climat id\u00e9al avec 2000 heures d\u2019ensoleillement par ann\u00e9e, plus que Bordeaux ou Toulouse. C\u2019est donc dans des conditions climatiques id\u00e9ales que les amoureux de la nature d\u00e9couvriront cette r\u00e9gion.<\/p>\n<p>[\/vc_column_text][\/vc_column][vc_column width=&#8221;1\/6&#8243;][\/vc_column][\/vc_row][vc_row full_width=&#8221;stretch_row&#8221; equal_height=&#8221;yes&#8221; content_placement=&#8221;middle&#8221; el_id=&#8221;RangerGalerie&#8221; css=&#8221;.vc_custom_1523356367086{background-color: #f0f0f1 !important;}&#8221;][vc_column width=&#8221;1\/6&#8243;][\/vc_column][vc_column width=&#8221;2\/3&#8243; css=&#8221;.vc_custom_1523356844642{padding-top: 0px !important;}&#8221;][vc_single_image image=&#8221;3173&#8243; img_size=&#8221;full&#8221; alignment=&#8221;center&#8221; css=&#8221;.vc_custom_1523356261574{margin-bottom: 0px !important;}&#8221;][\/vc_column][vc_column width=&#8221;1\/6&#8243;][\/vc_column][\/vc_row][vc_row full_width=&#8221;stretch_row&#8221; css=&#8221;.vc_custom_1523440980080{background-color: #ffffff !important;}&#8221; el_id=&#8221;isere-riche&#8221;][vc_column][vc_empty_space height=&#8221;5px&#8221;][vc_column_text]<\/p>\n<h2 style=\"text-align: center;\"><i>L&#8217;Is\u00e8re et son riche patrimoine naturel<\/i><\/h2>\n<p>[\/vc_column_text][vc_separator color=&#8221;custom&#8221; border_width=&#8221;6&#8243; el_width=&#8221;10&#8243; accent_color=&#8221;#61d007&#8243;][vc_empty_space height=&#8221;5px&#8221;][\/vc_column][\/vc_row][vc_row full_width=&#8221;stretch_row_content_no_spaces&#8221; equal_height=&#8221;yes&#8221; content_placement=&#8221;middle&#8221; el_id=&#8221;parc-naturel-rando&#8221;][vc_column css=&#8221;.vc_custom_1523370606642{padding-top: 0px !important;}&#8221;][vc_row_inner equal_height=&#8221;yes&#8221; content_placement=&#8221;middle&#8221;][vc_column_inner width=&#8221;1\/4&#8243;][vc_single_image image=&#8221;3191&#8243; img_size=&#8221;full&#8221; alignment=&#8221;center&#8221; css=&#8221;.vc_custom_1523441038351{margin-bottom: 0px !important;}&#8221;][\/vc_column_inner][vc_column_inner width=&#8221;1\/4&#8243;][vc_column_text]<\/p>\n<h3>Les parcs naturels<\/h3>\n<p>[\/vc_column_text][vc_column_text]Constitu\u00e9e de trois parcs naturels :<\/p>\n<p><a href=\"http:\/\/www.parc-chartreuse.net\/\">le Parc Naturel R\u00e9gional de Chartreuse<\/a>, <a href=\"http:\/\/parc-du-vercors.fr\/fr_FR\/index.php\">le Parc Naturel R\u00e9gional du Vercors<\/a> et <a href=\"http:\/\/www.ecrins-parcnational.fr\/\">le Parc National des \u00c9crins<\/a>, l\u2019Is\u00e8re est une destination id\u00e9ale pour les amoureux de la nature.<\/p>\n<p><a href=\"https:\/\/www.aupredulac.eu\/camping-montagne-alpes\/\">Montagnes<\/a>, collines, parcs naturels et <a href=\"https:\/\/www.aupredulac.eu\/camping-lac-de-laffrey\/\">lacs<\/a>, rien ne manque pour passer des vacances agr\u00e9ables et reposantes.[\/vc_column_text][\/vc_column_inner][vc_column_inner width=&#8221;1\/4&#8243;][vc_single_image image=&#8221;3190&#8243; img_size=&#8221;full&#8221; alignment=&#8221;center&#8221; css=&#8221;.vc_custom_1523365641662{margin-bottom: 0px !important;}&#8221;][\/vc_column_inner][vc_column_inner width=&#8221;1\/4&#8243;][vc_column_text]<\/p>\n<h3>Les randonn\u00e9es en montagne<\/h3>\n<p>[\/vc_column_text][vc_column_text]Des centaines de kilom\u00e8tres de circuits balis\u00e9s permettent aux randonneurs de s\u2019adonner \u00e0 leur activit\u00e9 favorite. A pied en \u00e9t\u00e9 et en raquette l\u2019hiver, tous les chemins sont au c\u0153ur de la nature is\u00e9roise. Il est aussi possible de se balader en VTT, \u00e0 cheval ou m\u00eame \u00e0 dos d\u2019\u00e2ne. Une fa\u00e7on originale de d\u00e9couvrir cette r\u00e9gion !<br \/>\nLe d\u00e9part de la randonn\u00e9e \u00ab La Pierre Perc\u00e9e \u00bb est au pied de notre <b>camping en is\u00e8re<\/b>. Vous pouvez y admirer cet arc naturel \u00e0 1220 m\u00e8tres d\u2019altitude et avoir une vue imprenable sur le plateau de la Matheysine.[\/vc_column_text][\/vc_column_inner][\/vc_row_inner][\/vc_column][\/vc_row][vc_row full_width=&#8221;stretch_row_content_no_spaces&#8221; equal_height=&#8221;yes&#8221; content_placement=&#8221;middle&#8221; el_id=&#8221;saut-passerelles&#8221;][vc_column][vc_row_inner equal_height=&#8221;yes&#8221; content_placement=&#8221;middle&#8221;][vc_column_inner width=&#8221;1\/4&#8243;][vc_single_image image=&#8221;3193&#8243; img_size=&#8221;full&#8221; alignment=&#8221;center&#8221; css=&#8221;.vc_custom_1523366906373{margin-bottom: 0px !important;}&#8221;][\/vc_column_inner][vc_column_inner width=&#8221;1\/4&#8243;][vc_column_text]<\/p>\n<h3>Le saut en parapente<\/h3>\n<p>[\/vc_column_text][vc_column_text]Pour les amateurs de sensations fortes, essayez un saut en parapente afin de survoler la r\u00e9gion et avoir une vue magnifique sur les lacs et les montagnes.<br \/>\nDes airs de d\u00e9collage sont proches de notre <b>camping<\/b>.[\/vc_column_text][\/vc_column_inner][vc_column_inner width=&#8221;1\/4&#8243;][vc_single_image image=&#8221;3192&#8243; img_size=&#8221;full&#8221; alignment=&#8221;center&#8221; css=&#8221;.vc_custom_1523366337577{margin-bottom: 0px !important;}&#8221;][\/vc_column_inner][vc_column_inner width=&#8221;1\/4&#8243;][vc_column_text]<\/p>\n<h3>Les passerelles Himalayennes<\/h3>\n<p>[\/vc_column_text][vc_column_text]<\/p>\n<p style=\"text-align: left;\">Riches de leurs passerelles suspendues allant jusqu&#8217;\u00e0 85 m\u00e8tres au dessus des eaux du <a href=\"http:\/\/www.lac-monteynard.com\/fr\/1-Accueil\">lac du Monteynard<\/a>, ces balades atypiques vous d\u00e9voileront l\u2019Is\u00e8re comme vous ne l\u2019avez jamais vue.<\/p>\n<p>[\/vc_column_text][\/vc_column_inner][\/vc_row_inner][\/vc_column][\/vc_row][vc_row full_width=&#8221;stretch_row_content_no_spaces&#8221; equal_height=&#8221;yes&#8221; content_placement=&#8221;middle&#8221; el_id=&#8221;camping-nautique&#8221;][vc_column][vc_row_inner equal_height=&#8221;yes&#8221; content_placement=&#8221;middle&#8221;][vc_column_inner width=&#8221;1\/4&#8243;][vc_single_image image=&#8221;3195&#8243; img_size=&#8221;full&#8221; alignment=&#8221;center&#8221; css=&#8221;.vc_custom_1523369652669{margin-bottom: 0px !important;}&#8221;][\/vc_column_inner][vc_column_inner width=&#8221;1\/4&#8243;][vc_column_text]<\/p>\n<h3>Des activit\u00e9s en famille dans un camping en Is\u00e8re<\/h3>\n<p>[\/vc_column_text][vc_column_text]De nombreuses activit\u00e9s s\u2019offrent aux familles telles que l\u2019escalade et les via Ferrata, par exemple.<br \/>\nNon loin de notre camping, l\u2019Air Park vous accueille pour une journ\u00e9e d\u2019\u00e9vasion.<br \/>\nDes parcours entre la for\u00eat, le lac et la rivi\u00e8re procurent un maximum de sensation dans un cadre id\u00e9al.[\/vc_column_text][\/vc_column_inner][vc_column_inner width=&#8221;1\/4&#8243;][vc_single_image image=&#8221;3194&#8243; img_size=&#8221;full&#8221; alignment=&#8221;center&#8221; css=&#8221;.vc_custom_1523368682088{margin-bottom: 0px !important;}&#8221;][\/vc_column_inner][vc_column_inner width=&#8221;1\/4&#8243;][vc_column_text]<\/p>\n<h3>Des activit\u00e9s nautiques<\/h3>\n<p>[\/vc_column_text][vc_column_text]Les amateurs de sports nautiques seront aussi ravis avec ces nombreux lacs qui composent l\u2019Is\u00e8re. De la baignade \u00e0 la p\u00eache, en passant par une balade en voile, tout est r\u00e9alisable !<br \/>\nIl est aussi possible de faire de la plong\u00e9e sous-marine avec une profondeur de presque 40 m\u00e8tres dans le lac de Laffrey. La base nautique de Cholonge se situe \u00e0 c\u00f4t\u00e9 de notre <b>camping en is\u00e8re<\/b> et vous accueillera avec plaisir pour vous proposer l\u2019activit\u00e9 qui vous correspond. De m\u00eame, des toboggans naturels sculpt\u00e9s par l\u2019eau permettent de pratiquer le canyoning.<br \/>\nUne journ\u00e9e sympathique et sportive dans un cadre magnifique vous attend ![\/vc_column_text][\/vc_column_inner][\/vc_row_inner][\/vc_column][\/vc_row][vc_row full_width=&#8221;stretch_row&#8221; css=&#8221;.vc_custom_1523429811945{background-color: #f0f0f1 !important;}&#8221; el_id=&#8221;villes-isere&#8221;][vc_column width=&#8221;1\/2&#8243;][vc_column_text]<\/p>\n<h2>Les villes de l\u2019Is\u00e8re<\/h2>\n<p>[\/vc_column_text][vc_separator color=&#8221;custom&#8221; align=&#8221;align_left&#8221; border_width=&#8221;6&#8243; el_width=&#8221;10&#8243; accent_color=&#8221;#61d007&#8243;][vc_column_text]Grenoble (\u00e0 28 kilom\u00e8tres de notre <b>camping en is\u00e8re<\/b>) et Vienne sont les deux plus c\u00e9l\u00e8bres villes de ce d\u00e9partement.<\/p>\n<p>Plus de 100 mus\u00e9es sont ouverts afin de d\u00e9couvrir toutes les richesses culturelles de cette r\u00e9gion.<\/p>\n<p>Berceau de la r\u00e9volution fran\u00e7aise, <a href=\"http:\/\/www.domaine-vizille.fr\/\">le ch\u00e2teau de Vizille<\/a> abrite &#8220;le mus\u00e9e de la r\u00e9volution fran\u00e7aise&#8221;.<\/p>\n<p>Dans le domaine du ch\u00e2teau se cache un magnifique parc animalier o\u00f9 vous pouvez admirer de nombreux animaux tels que des cerfs, des daims, des cygnes et des canards.<\/p>\n<p>Pour les amoureux de musique, des festivals sont mis en sc\u00e8ne en \u00e9t\u00e9 comme le festival de <a href=\"https:\/\/www.jazzavienne.com\/fr\">jazz \u00e0 Vienne<\/a> en juillet.[\/vc_column_text][\/vc_column][vc_column width=&#8221;1\/2&#8243;][vc_single_image image=&#8221;3196&#8243; img_size=&#8221;full&#8221; alignment=&#8221;center&#8221;][\/vc_column][\/vc_row][vc_row full_width=&#8221;stretch_row&#8221; el_id=&#8221;ski-gustatif&#8221;][vc_column width=&#8221;1\/2&#8243;][vc_column_text]<\/p>\n<h3>Les stations de ski<\/h3>\n<p>[\/vc_column_text][vc_separator color=&#8221;custom&#8221; align=&#8221;align_left&#8221; border_width=&#8221;6&#8243; el_width=&#8221;10&#8243; accent_color=&#8221;#61d007&#8243;][vc_column_text]L\u2019hiver est aussi propice pour profiter de cette r\u00e9gion.<\/p>\n<p>L\u2019Is\u00e8re est connu pour ses c\u00e9l\u00e8bres stations de ski telles que <a href=\"https:\/\/www.chamrousse.com\/\">Chamrousse<\/a>, <a href=\"http:\/\/www.les2alpes.com\/fr\/\">les deux Alpes<\/a> et encore <a href=\"https:\/\/www.alpedhuez.com\/\">l\u2019Alpe d\u2019Huez<\/a>.<\/p>\n<p>Pour ceux qui pr\u00e9f\u00e8rent d\u00e9couvrir d\u2019autres sensations, ces stations de ski offrent \u00e9galement des balades en chiens de tra\u00eeneaux et des randonn\u00e9es en raquette pour que chacun trouve son bonheur ![\/vc_column_text][vc_empty_space height=&#8221;5px&#8221;][vc_column_text]<\/p>\n<h3>L\u2019Is\u00e8re est aussi un voyage gustatif<\/h3>\n<p>[\/vc_column_text][vc_separator color=&#8221;custom&#8221; align=&#8221;align_left&#8221; border_width=&#8221;6&#8243; el_width=&#8221;10&#8243; accent_color=&#8221;#61d007&#8243;][vc_column_text]Au d\u00e9tour d\u2019un village pittoresque, l\u2019ambiance conviviale d\u2019un march\u00e9 vous fera d\u00e9couvrir la gastronomie de l\u2019Is\u00e8re.<br \/>\nD\u00e9gustez la tourte Muroise ou les oreilles d\u2019\u00e2nes afin d\u2019\u00e9veiller vos papilles \u00e0 ces mets locaux.<br \/>\nRien de tel que de se s\u2019arr\u00eater au bord d\u2019un des nombreux lacs de la r\u00e9gion et de savourer vos d\u00e9couvertes du matin avec une vue magnifique sur la nature is\u00e9roise.[\/vc_column_text][\/vc_column][vc_column width=&#8221;1\/2&#8243;][vc_single_image image=&#8221;3218&#8243; img_size=&#8221;full&#8221; alignment=&#8221;center&#8221;][\/vc_column][\/vc_row][vc_row full_width=&#8221;stretch_row&#8221; content_placement=&#8221;middle&#8221; css=&#8221;.vc_custom_1523629577197{background-color: #61d007 !important;}&#8221; el_id=&#8221;resa2&#8243;][vc_column width=&#8221;1\/2&#8243; css=&#8221;.vc_custom_1523897557130{padding-top: 25px !important;padding-bottom: 25px !important;}&#8221;][vc_column_text el_id=&#8221;texteTop2&#8243; css=&#8221;.vc_custom_1523869802066{margin-bottom: 0px !important;}&#8221;]R\u00e9servez votre mobil home, g\u00eete, chalet, emplacement dans notre camping en Is\u00e8re[\/vc_column_text][\/vc_column][vc_column width=&#8221;1\/2&#8243; css=&#8221;.vc_custom_1523897561975{margin-top: 0px !important;margin-bottom: 0px !important;padding-top: 25px !important;padding-right: 0px !important;padding-bottom: 25px !important;}&#8221;][vc_column_text el_id=&#8221;btnTop2&#8243; css=&#8221;.vc_custom_1523624722729{margin-bottom: 0px !important;}&#8221;]<a href=\"https:\/\/campingaupredulac.premium.secureholiday.net\/fr\/1766\/\"><span id=\"texte\">J&#8217;en profite<\/span><span id=\"fleche\"><img src=\"https:\/\/www.aupredulac.eu\/wp-content\/uploads\/2018\/02\/arrow_right_white.png\" alt=\"fleche\" \/><\/span><\/a>[\/vc_column_text][\/vc_column][\/vc_row]<\/p>\n","protected":false},"excerpt":{"rendered":"<p>[vc_row full_width=&#8221;stretch_row&#8221; parallax=&#8221;content-moving&#8221; parallax_image=&#8221;2839&#8243; parallax_speed_bg=&#8221;2&#8243; el_id=&#8221;parallax&#8221;][vc_column][vc_empty_space height=&#8221;200px&#8221;][\/vc_column][\/vc_row][vc_row content_placement=&#8221;middle&#8221; css=&#8221;.vc_custom_1523628103696{margin-top: -80px !important;background-color: #61d007 !important;}&#8221; el_id=&#8221;resa&#8221;][vc_column width=&#8221;1\/2&#8243; css=&#8221;.vc_custom_1523623266330{padding-top: 25px !important;padding-right: 50px !important;padding-bottom: 25px !important;}&#8221;][vc_column_text el_id=&#8221;texteTop&#8221; css=&#8221;.vc_custom_1523629646409{margin-bottom: 0px !important;}&#8221;]R\u00e9servez<span class=\"excerpt-hellip\"> [\u2026]<\/span><\/p>\n","protected":false},"author":1,"featured_media":0,"parent":0,"menu_order":0,"comment_status":"closed","ping_status":"closed","template":"","meta":[],"yoast_head":"<!-- This site is optimized with the Yoast SEO plugin v19.4 - https:\/\/yoast.com\/wordpress\/plugins\/seo\/ -->\n<title>Camping Is\u00e8re - &quot;Au Pr\u00e9 du Lac&quot; - Camping *** \u00e0 Laffrey<\/title>\n<meta name=\"description\" content=\"Le camping Au Pr\u00e9 du Lac, camping en Is\u00e8re \u00e0 30 kilom\u00e8tes de Grenoble est l&#039;emplacement id\u00e9al pour allier ensoleillement et l\u00e9g\u00e9ret\u00e9 dans le massif du Taillefer.\" \/>\n<meta name=\"robots\" content=\"index, follow, max-snippet:-1, max-image-preview:large, max-video-preview:-1\" \/>\n<link rel=\"canonical\" href=\"https:\/\/www.aupredulac.eu\/nl\/camping-isere\/\" \/>\n<meta property=\"og:locale\" content=\"nl_NL\" \/>\n<meta property=\"og:type\" content=\"article\" \/>\n<meta property=\"og:title\" content=\"Camping Is\u00e8re - &quot;Au Pr\u00e9 du Lac&quot; - Camping *** \u00e0 Laffrey\" \/>\n<meta property=\"og:description\" content=\"Le camping Au Pr\u00e9 du Lac, camping en Is\u00e8re \u00e0 30 kilom\u00e8tes de Grenoble est l&#039;emplacement id\u00e9al pour allier ensoleillement et l\u00e9g\u00e9ret\u00e9 dans le massif du Taillefer.\" \/>\n<meta property=\"og:url\" content=\"https:\/\/www.aupredulac.eu\/nl\/camping-isere\/\" \/>\n<meta property=\"og:site_name\" content=\"Au pre du Lac - Camping\" \/>\n<meta property=\"article:modified_time\" content=\"2022-04-29T15:13:27+00:00\" \/>\n<meta property=\"og:image\" content=\"https:\/\/www.aupredulac.eu\/wp-content\/uploads\/2018\/02\/arrow_right_white.png\" \/>\n<meta name=\"twitter:card\" content=\"summary_large_image\" \/>\n<meta name=\"twitter:label1\" content=\"Geschatte leestijd\" \/>\n\t<meta name=\"twitter:data1\" content=\"9 minuten\" \/>\n<script type=\"application\/ld+json\" class=\"yoast-schema-graph\">{\"@context\":\"https:\/\/schema.org\",\"@graph\":[{\"@type\":\"WebSite\",\"@id\":\"https:\/\/www.aupredulac.eu\/#website\",\"url\":\"https:\/\/www.aupredulac.eu\/\",\"name\":\"Au pre du Lac - Camping\",\"description\":\"\",\"potentialAction\":[{\"@type\":\"SearchAction\",\"target\":{\"@type\":\"EntryPoint\",\"urlTemplate\":\"https:\/\/www.aupredulac.eu\/?s={search_term_string}\"},\"query-input\":\"required name=search_term_string\"}],\"inLanguage\":\"nl\"},{\"@type\":\"WebPage\",\"@id\":\"https:\/\/www.aupredulac.eu\/nl\/camping-isere\/\",\"url\":\"https:\/\/www.aupredulac.eu\/nl\/camping-isere\/\",\"name\":\"Camping Is\u00e8re - \\\"Au Pr\u00e9 du Lac\\\" - Camping *** \u00e0 Laffrey\",\"isPartOf\":{\"@id\":\"https:\/\/www.aupredulac.eu\/#website\"},\"datePublished\":\"2018-02-01T08:59:39+00:00\",\"dateModified\":\"2022-04-29T15:13:27+00:00\",\"description\":\"Le camping Au Pr\u00e9 du Lac, camping en Is\u00e8re \u00e0 30 kilom\u00e8tes de Grenoble est l'emplacement id\u00e9al pour allier ensoleillement et l\u00e9g\u00e9ret\u00e9 dans le massif du Taillefer.\",\"breadcrumb\":{\"@id\":\"https:\/\/www.aupredulac.eu\/nl\/camping-isere\/#breadcrumb\"},\"inLanguage\":\"nl\",\"potentialAction\":[{\"@type\":\"ReadAction\",\"target\":[\"https:\/\/www.aupredulac.eu\/nl\/camping-isere\/\"]}]},{\"@type\":\"BreadcrumbList\",\"@id\":\"https:\/\/www.aupredulac.eu\/nl\/camping-isere\/#breadcrumb\",\"itemListElement\":[{\"@type\":\"ListItem\",\"position\":1,\"name\":\"Accueil\",\"item\":\"https:\/\/www.aupredulac.eu\/nl\/\"},{\"@type\":\"ListItem\",\"position\":2,\"name\":\"Notre r\u00e9gion (NL)\"}]}]}<\/script>\n<!-- \/ Yoast SEO plugin. -->","yoast_head_json":{"title":"Camping Is\u00e8re - \"Au Pr\u00e9 du Lac\" - Camping *** \u00e0 Laffrey","description":"Le camping Au Pr\u00e9 du Lac, camping en Is\u00e8re \u00e0 30 kilom\u00e8tes de Grenoble est l'emplacement id\u00e9al pour allier ensoleillement et l\u00e9g\u00e9ret\u00e9 dans le massif du Taillefer.","robots":{"index":"index","follow":"follow","max-snippet":"max-snippet:-1","max-image-preview":"max-image-preview:large","max-video-preview":"max-video-preview:-1"},"canonical":"https:\/\/www.aupredulac.eu\/nl\/camping-isere\/","og_locale":"nl_NL","og_type":"article","og_title":"Camping Is\u00e8re - \"Au Pr\u00e9 du Lac\" - Camping *** \u00e0 Laffrey","og_description":"Le camping Au Pr\u00e9 du Lac, camping en Is\u00e8re \u00e0 30 kilom\u00e8tes de Grenoble est l'emplacement id\u00e9al pour allier ensoleillement et l\u00e9g\u00e9ret\u00e9 dans le massif du Taillefer.","og_url":"https:\/\/www.aupredulac.eu\/nl\/camping-isere\/","og_site_name":"Au pre du Lac - Camping","article_modified_time":"2022-04-29T15:13:27+00:00","og_image":[{"url":"https:\/\/www.aupredulac.eu\/wp-content\/uploads\/2018\/02\/arrow_right_white.png"}],"twitter_card":"summary_large_image","twitter_misc":{"Geschatte leestijd":"9 minuten"},"schema":{"@context":"https:\/\/schema.org","@graph":[{"@type":"WebSite","@id":"https:\/\/www.aupredulac.eu\/#website","url":"https:\/\/www.aupredulac.eu\/","name":"Au pre du Lac - Camping","description":"","potentialAction":[{"@type":"SearchAction","target":{"@type":"EntryPoint","urlTemplate":"https:\/\/www.aupredulac.eu\/?s={search_term_string}"},"query-input":"required name=search_term_string"}],"inLanguage":"nl"},{"@type":"WebPage","@id":"https:\/\/www.aupredulac.eu\/nl\/camping-isere\/","url":"https:\/\/www.aupredulac.eu\/nl\/camping-isere\/","name":"Camping Is\u00e8re - \"Au Pr\u00e9 du Lac\" - Camping *** \u00e0 Laffrey","isPartOf":{"@id":"https:\/\/www.aupredulac.eu\/#website"},"datePublished":"2018-02-01T08:59:39+00:00","dateModified":"2022-04-29T15:13:27+00:00","description":"Le camping Au Pr\u00e9 du Lac, camping en Is\u00e8re \u00e0 30 kilom\u00e8tes de Grenoble est l'emplacement id\u00e9al pour allier ensoleillement et l\u00e9g\u00e9ret\u00e9 dans le massif du Taillefer.","breadcrumb":{"@id":"https:\/\/www.aupredulac.eu\/nl\/camping-isere\/#breadcrumb"},"inLanguage":"nl","potentialAction":[{"@type":"ReadAction","target":["https:\/\/www.aupredulac.eu\/nl\/camping-isere\/"]}]},{"@type":"BreadcrumbList","@id":"https:\/\/www.aupredulac.eu\/nl\/camping-isere\/#breadcrumb","itemListElement":[{"@type":"ListItem","position":1,"name":"Accueil","item":"https:\/\/www.aupredulac.eu\/nl\/"},{"@type":"ListItem","position":2,"name":"Notre r\u00e9gion (NL)"}]}]}},"_links":{"self":[{"href":"https:\/\/www.aupredulac.eu\/nl\/wp-json\/wp\/v2\/pages\/3537"}],"collection":[{"href":"https:\/\/www.aupredulac.eu\/nl\/wp-json\/wp\/v2\/pages"}],"about":[{"href":"https:\/\/www.aupredulac.eu\/nl\/wp-json\/wp\/v2\/types\/page"}],"author":[{"embeddable":true,"href":"https:\/\/www.aupredulac.eu\/nl\/wp-json\/wp\/v2\/users\/1"}],"replies":[{"embeddable":true,"href":"https:\/\/www.aupredulac.eu\/nl\/wp-json\/wp\/v2\/comments?post=3537"}],"version-history":[{"count":3,"href":"https:\/\/www.aupredulac.eu\/nl\/wp-json\/wp\/v2\/pages\/3537\/revisions"}],"predecessor-version":[{"id":11956,"href":"https:\/\/www.aupredulac.eu\/nl\/wp-json\/wp\/v2\/pages\/3537\/revisions\/11956"}],"wp:attachment":[{"href":"https:\/\/www.aupredulac.eu\/nl\/wp-json\/wp\/v2\/media?parent=3537"}],"curies":[{"name":"wp","href":"https:\/\/api.w.org\/{rel}","templated":true}]}}