{"id":3705,"date":"2018-01-08T13:58:46","date_gmt":"2018-01-08T12:58:46","guid":{"rendered":"http:\/\/www.aupredulac.eu\/hebergements-tarifs\/"},"modified":"2025-12-09T16:09:38","modified_gmt":"2025-12-09T15:09:38","slug":"hebergements-tarifs","status":"publish","type":"page","link":"https:\/\/www.aupredulac.eu\/en\/hebergements-tarifs\/","title":{"rendered":"Prices &#038; Accommodations (EN)"},"content":{"rendered":"<p>[vc_row full_width=&#8221;stretch_row&#8221; el_class=&#8221;titreHome&#8221;][vc_column][vc_empty_space height=&#8221;5px&#8221;][vc_column_text]<\/p>\n<h1>H\u00e9bergement et tarifs camping &#8220;Au Pr\u00e9 du Lac&#8221;<\/h1>\n<p>[\/vc_column_text][vc_separator color=&#8221;custom&#8221; border_width=&#8221;6&#8243; el_width=&#8221;10&#8243; accent_color=&#8221;#61d007&#8243;][\/vc_column][\/vc_row][vc_row el_id=&#8221;hebergement-tarifs&#8221;][vc_column][vc_tta_tabs spacing=&#8221;&#8221; alignment=&#8221;center&#8221; active_section=&#8221;1&#8243; css=&#8221;.vc_custom_1523868679067{margin-top: 20px !important;}&#8221;][vc_tta_section title=&#8221;TOUT&#8221; tab_id=&#8221;ToutLesHebergements&#8221;][vc_row_inner equal_height=&#8221;yes&#8221; el_class=&#8221;blocHebergement&#8221;][vc_column_inner width=&#8221;1\/2&#8243;][vc_column_text el_class=&#8221;titreHebergement&#8221; css=&#8221;.vc_custom_1523876091798{margin-bottom: 17px !important;padding-top: 17px !important;}&#8221;]<\/p>\n<h3 class=\"cpt-title\" style=\"text-align: center;\"><a href=\"\/hutte-2-a-4-couchages\/\">Hutte 2 \u00e0 4 couchages<\/a><\/h3>\n<p>[\/vc_column_text][vc_separator color=&#8221;custom&#8221; border_width=&#8221;4&#8243; el_width=&#8221;10&#8243; accent_color=&#8221;#61d007&#8243;][vc_single_image image=&#8221;11558&#8243; img_size=&#8221;full&#8221; alignment=&#8221;center&#8221; onclick=&#8221;custom_link&#8221; link=&#8221;https:\/\/www.aupredulac.eu\/en\/hutte-2-a-4-couchages\/&#8221;][vc_column_text el_class=&#8221;prixHebergement&#8221; css=&#8221;.vc_custom_1765292697522{margin-top: -26px !important;}&#8221;]<\/p>\n<p style=\"text-align: right;\">\u00c0 partir de <strong><span class=\"prix\">290\u20ac \/ semaine<\/span><\/strong><\/p>\n<p>[\/vc_column_text][vc_column_text el_class=&#8221;infoSuppHebergement&#8221; css=&#8221;.vc_custom_1517397143527{margin-bottom: 0px !important;}&#8221;]<\/p>\n<div class=\"blocInfoHebergement\"><img src=\"https:\/\/www.aupredulac.eu\/wp-content\/uploads\/2018\/01\/anonyme-e1517395054739.png\" alt=\"nbPersonnes\" \/><br \/>\n<b>1\/4<\/b><br \/>\nPERSONNES<\/div>\n<div class=\"blocInfoHebergement\"><img src=\"\/wp-content\/uploads\/2018\/01\/surfacelogo-e1517395648644.png\" alt=\"superficie\" \/><br \/>\n<b>14 m\u00b2<\/b><br \/>\nSUPERFICIE<\/div>\n<div class=\"blocInfoHebergement\"><img src=\"\/wp-content\/uploads\/2018\/01\/litLogo-e1517395781953.png\" alt=\"nbChambres\" \/><br \/>\n<b>2<\/b><br \/>\nCHAMBRES<\/div>\n<p>[\/vc_column_text][vc_btn title=&#8221;VOIR&#8221; color=&#8221;warning&#8221; align=&#8221;center&#8221; button_block=&#8221;true&#8221; link=&#8221;url:https%3A%2F%2Fwww.aupredulac.eu%2Fen%2Fhutte-2-a-4-couchages%2F|target:%20_blank|&#8221; el_class=&#8221;btnHebergement&#8221;][vc_btn title=&#8221;RESERVER&#8221; color=&#8221;warning&#8221; align=&#8221;center&#8221; button_block=&#8221;true&#8221; link=&#8221;url:https%3A%2F%2Fbookingpremium.secureholiday.net%2Ffr%2F1766%2F|target:%20_blank|&#8221; el_class=&#8221;btnHebergement deux&#8221;][\/vc_column_inner][vc_column_inner el_class=&#8221;Mobil home 4\/6 pers&#8221; width=&#8221;1\/2&#8243;][vc_separator color=&#8221;custom&#8221; border_width=&#8221;4&#8243; el_width=&#8221;10&#8243; accent_color=&#8221;#61d007&#8243;][vc_single_image image=&#8221;14610&#8243; img_size=&#8221;full&#8221; alignment=&#8221;center&#8221; onclick=&#8221;custom_link&#8221; link=&#8221;https:\/\/www.aupredulac.eu\/en\/mobil-home-2-chambres\/&#8221;][vc_column_text el_class=&#8221;prixHebergement&#8221; css=&#8221;.vc_custom_1765292543560{margin-top: -26px !important;}&#8221;]<\/p>\n<p style=\"text-align: right;\">\u00c0 partir de 490<strong><span class=\"prix\">\u20ac \/ semaine<\/span><\/strong><\/p>\n<p>[\/vc_column_text][vc_column_text el_class=&#8221;infoSuppHebergement&#8221; css=&#8221;.vc_custom_1765292639821{margin-bottom: 0px !important;}&#8221;]<\/p>\n<div class=\"blocInfoHebergement\"><img src=\"https:\/\/www.aupredulac.eu\/wp-content\/uploads\/2018\/01\/anonyme-e1517395054739.png\" alt=\"nbPersonnes\" \/><br \/>\n<b>1\/6<\/b><br \/>\nPERSONNES<\/div>\n<div class=\"blocInfoHebergement\"><img src=\"\/wp-content\/uploads\/2018\/01\/surfacelogo-e1517395648644.png\" alt=\"superficie\" \/><br \/>\n<b>30 m\u00b2<\/b><br \/>\nSUPERFICIE<\/div>\n<div class=\"blocInfoHebergement\"><img src=\"\/wp-content\/uploads\/2018\/01\/litLogo-e1517395781953.png\" alt=\"nbChambres\" \/><br \/>\n<b>2<\/b><br \/>\nCHAMBRES<\/div>\n<p>[\/vc_column_text][vc_btn title=&#8221;VOIR&#8221; color=&#8221;warning&#8221; align=&#8221;center&#8221; button_block=&#8221;true&#8221; link=&#8221;url:https%3A%2F%2Fwww.aupredulac.eu%2Fen%2Fmobil-home-2-chambres%2F|target:%20_blank|&#8221; el_class=&#8221;btnHebergement&#8221;][vc_btn title=&#8221;RESERVER&#8221; color=&#8221;warning&#8221; align=&#8221;center&#8221; button_block=&#8221;true&#8221; link=&#8221;url:https%3A%2F%2Fbookingpremium.secureholiday.net%2Ffr%2F1766%2F|target:%20_blank|&#8221; el_class=&#8221;btnHebergement deux&#8221;][\/vc_column_inner][\/vc_row_inner][vc_row_inner equal_height=&#8221;yes&#8221; el_class=&#8221;blocHebergement&#8221;][vc_column_inner width=&#8221;1\/2&#8243;][vc_column_text el_class=&#8221;titreHebergement&#8221; css=&#8221;.vc_custom_1523876060135{margin-bottom: 17px !important;padding-top: 17px !important;}&#8221;]<\/p>\n<h3 class=\"cpt-title\" style=\"text-align: center;\"><a href=\"\/mobil-home-3-chambres\/\">Mobil home<br \/>\n3 chambres<\/a><\/h3>\n<p>[\/vc_column_text][vc_separator color=&#8221;custom&#8221; border_width=&#8221;4&#8243; el_width=&#8221;10&#8243; accent_color=&#8221;#61d007&#8243;][vc_single_image image=&#8221;11522&#8243; img_size=&#8221;full&#8221; alignment=&#8221;center&#8221; onclick=&#8221;custom_link&#8221; link=&#8221;https:\/\/www.aupredulac.eu\/en\/mobil-home-3-chambres\/&#8221;][vc_column_text el_class=&#8221;prixHebergement&#8221; css=&#8221;.vc_custom_1765292685270{margin-top: -26px !important;}&#8221;]<\/p>\n<p style=\"text-align: right;\">\u00c0 partir de 41<strong><span class=\"prix\">0\u20ac \/ semaine<\/span><\/strong><\/p>\n<p>[\/vc_column_text][vc_column_text el_class=&#8221;infoSuppHebergement&#8221; css=&#8221;.vc_custom_1517398541656{margin-bottom: 0px !important;}&#8221;]<\/p>\n<div class=\"blocInfoHebergement\"><img src=\"https:\/\/www.aupredulac.eu\/wp-content\/uploads\/2018\/01\/anonyme-e1517395054739.png\" alt=\"nbPersonnes\" \/><br \/>\n<b>1\/6<\/b><br \/>\nPERSONNES<\/div>\n<div class=\"blocInfoHebergement\"><img src=\"\/wp-content\/uploads\/2018\/01\/surfacelogo-e1517395648644.png\" alt=\"superficie\" \/><br \/>\n<b>29 m\u00b2<\/b><br \/>\nSUPERFICIE<\/div>\n<div class=\"blocInfoHebergement\"><img src=\"\/wp-content\/uploads\/2018\/01\/litLogo-e1517395781953.png\" alt=\"nbChambres\" \/><br \/>\n<b>3<\/b><br \/>\nCHAMBRES<\/div>\n<p>[\/vc_column_text][vc_btn title=&#8221;VOIR&#8221; color=&#8221;warning&#8221; align=&#8221;center&#8221; button_block=&#8221;true&#8221; link=&#8221;url:https%3A%2F%2Fwww.aupredulac.eu%2Fen%2Fmobil-home-3-chambres%2F|target:%20_blank|&#8221; el_class=&#8221;btnHebergement&#8221;][vc_btn title=&#8221;RESERVER&#8221; color=&#8221;warning&#8221; align=&#8221;center&#8221; button_block=&#8221;true&#8221; link=&#8221;url:https%3A%2F%2Fbookingpremium.secureholiday.net%2Ffr%2F1766%2F|target:%20_blank|&#8221; el_class=&#8221;btnHebergement deux&#8221;][\/vc_column_inner][vc_column_inner width=&#8221;1\/2&#8243;][vc_column_text el_class=&#8221;titreHebergement&#8221; css=&#8221;.vc_custom_1523876019701{margin-bottom: 17px !important;padding-top: 17px !important;}&#8221;]<\/p>\n<h3 class=\"cpt-title\" style=\"text-align: center;\"><a href=\"https:\/\/www.aupredulac.eu\/mobil-home-grand-confort\/\">Mobile home<br \/>\nGrand confort 2 chambres<\/a><\/h3>\n<p>[\/vc_column_text][vc_separator color=&#8221;custom&#8221; border_width=&#8221;4&#8243; el_width=&#8221;10&#8243; accent_color=&#8221;#61d007&#8243;][vc_single_image image=&#8221;14394&#8243; img_size=&#8221;full&#8221; alignment=&#8221;center&#8221; onclick=&#8221;custom_link&#8221; link=&#8221;https:\/\/www.aupredulac.eu\/en\/mobil-home-grand-confort\/&#8221;][vc_column_text el_class=&#8221;prixHebergement&#8221; css=&#8221;.vc_custom_1765292661660{margin-top: -26px !important;}&#8221;]<\/p>\n<p style=\"text-align: right;\">\u00c0 partir de <strong><span class=\"prix\">490\u20ac \/ semaine<\/span><\/strong><\/p>\n<p>[\/vc_column_text][vc_column_text el_class=&#8221;infoSuppHebergement&#8221; css=&#8221;.vc_custom_1745254936020{margin-bottom: 0px !important;}&#8221;]<\/p>\n<div class=\"blocInfoHebergement\"><img src=\"https:\/\/www.aupredulac.eu\/wp-content\/uploads\/2018\/01\/anonyme-e1517395054739.png\" alt=\"nbPersonnes\" \/><br \/>\n<b>1\/4<\/b><br \/>\nPERSONNES<\/div>\n<div class=\"blocInfoHebergement\"><img src=\"\/wp-content\/uploads\/2018\/01\/surfacelogo-e1517395648644.png\" alt=\"superficie\" \/><br \/>\n<b>30 m\u00b2<\/b><br \/>\nSUPERFICIE<\/div>\n<div class=\"blocInfoHebergement\"><img src=\"\/wp-content\/uploads\/2018\/01\/litLogo-e1517395781953.png\" alt=\"nbChambres\" \/><br \/>\n<b>2<\/b><br \/>\nCHAMBRES<\/div>\n<p>[\/vc_column_text][vc_btn title=&#8221;VOIR&#8221; color=&#8221;warning&#8221; align=&#8221;center&#8221; button_block=&#8221;true&#8221; link=&#8221;url:https%3A%2F%2Fwww.aupredulac.eu%2Fen%2Fmobil-home-grand-confort%2F|target:%20_blank|&#8221; el_class=&#8221;btnHebergement&#8221;][vc_btn title=&#8221;RESERVER&#8221; color=&#8221;warning&#8221; align=&#8221;center&#8221; button_block=&#8221;true&#8221; link=&#8221;url:https%3A%2F%2Fbookingpremium.secureholiday.net%2Ffr%2F1766%2F|target:%20_blank|&#8221; el_class=&#8221;btnHebergement deux&#8221;][\/vc_column_inner][\/vc_row_inner][vc_row_inner equal_height=&#8221;yes&#8221; el_class=&#8221;blocHebergement&#8221;][vc_column_inner width=&#8221;1\/2&#8243;][vc_column_text el_class=&#8221;titreHebergement&#8221; css=&#8221;.vc_custom_1523875988380{margin-bottom: 17px !important;padding-top: 17px !important;}&#8221;]<\/p>\n<h3 class=\"cpt-title\" style=\"text-align: center;\"><a href=\"\/chalet-2-chambres\/\">Chalet 2 chambres<\/a><\/h3>\n<p>[\/vc_column_text][vc_separator color=&#8221;custom&#8221; border_width=&#8221;4&#8243; el_width=&#8221;10&#8243; accent_color=&#8221;#61d007&#8243;][vc_single_image image=&#8221;10273&#8243; img_size=&#8221;full&#8221; alignment=&#8221;center&#8221; onclick=&#8221;custom_link&#8221; link=&#8221;https:\/\/www.aupredulac.eu\/en\/chalet-2-chambres\/&#8221;][vc_column_text el_class=&#8221;prixHebergement&#8221; css=&#8221;.vc_custom_1765292715542{margin-top: -26px !important;}&#8221;]<\/p>\n<p style=\"text-align: right;\">\u00c0 partir de 40<strong><span class=\"prix\">0\u20ac \/ semaine<\/span><\/strong><\/p>\n<p>[\/vc_column_text][vc_column_text el_class=&#8221;infoSuppHebergement&#8221; css=&#8221;.vc_custom_1611231400351{margin-bottom: 0px !important;}&#8221;]<\/p>\n<div class=\"blocInfoHebergement\"><img src=\"https:\/\/www.aupredulac.eu\/wp-content\/uploads\/2018\/01\/anonyme-e1517395054739.png\" alt=\"nbPersonnes\" \/><br \/>\n<b>1\/4<\/b><br \/>\nPERSONNES<\/div>\n<div class=\"blocInfoHebergement\"><img src=\"\/wp-content\/uploads\/2018\/01\/surfacelogo-e1517395648644.png\" alt=\"superficie\" \/><br \/>\n<b>35 m\u00b2<\/b><br \/>\nSUPERFICIE<\/div>\n<div class=\"blocInfoHebergement\"><img src=\"\/wp-content\/uploads\/2018\/01\/litLogo-e1517395781953.png\" alt=\"nbChambres\" \/><br \/>\n<b>2<\/b><br \/>\nCHAMBRES<\/div>\n<p>[\/vc_column_text][vc_btn title=&#8221;VOIR&#8221; color=&#8221;warning&#8221; align=&#8221;center&#8221; button_block=&#8221;true&#8221; link=&#8221;url:https%3A%2F%2Fwww.aupredulac.eu%2Fen%2Fchalet-2-chambres%2F|target:%20_blank|&#8221; el_class=&#8221;btnHebergement&#8221;][vc_btn title=&#8221;RESERVER&#8221; color=&#8221;warning&#8221; align=&#8221;center&#8221; button_block=&#8221;true&#8221; link=&#8221;url:https%3A%2F%2Fbookingpremium.secureholiday.net%2Ffr%2F1766%2F|target:%20_blank|&#8221; el_class=&#8221;btnHebergement deux&#8221;][\/vc_column_inner][vc_column_inner width=&#8221;1\/2&#8243;][vc_column_text el_class=&#8221;titreHebergement&#8221; css=&#8221;.vc_custom_1523875970733{margin-bottom: 17px !important;padding-top: 17px !important;}&#8221;]<\/p>\n<h3 class=\"cpt-title\" style=\"text-align: center;\"><a href=\"\/chalet-gite-3-chambres\/\">Chalet g\u00eete 3 chambres<\/a><\/h3>\n<p>[\/vc_column_text][vc_separator color=&#8221;custom&#8221; border_width=&#8221;4&#8243; el_width=&#8221;10&#8243; accent_color=&#8221;#61d007&#8243;][vc_single_image image=&#8221;11123&#8243; img_size=&#8221;full&#8221; alignment=&#8221;center&#8221; onclick=&#8221;custom_link&#8221; link=&#8221;https:\/\/www.aupredulac.eu\/en\/chalet-gite-3-chambres\/&#8221;][vc_column_text el_class=&#8221;prixHebergement&#8221; css=&#8221;.vc_custom_1704810118505{margin-top: -26px !important;}&#8221;]<\/p>\n<p style=\"text-align: right;\">\u00c0 partir de <strong><span class=\"prix\">620\u20ac \/ semaine<\/span><\/strong><\/p>\n<p>[\/vc_column_text][vc_column_text el_class=&#8221;infoSuppHebergement&#8221; css=&#8221;.vc_custom_1517404679434{margin-bottom: 0px !important;}&#8221;]<\/p>\n<div class=\"blocInfoHebergement\"><img src=\"https:\/\/www.aupredulac.eu\/wp-content\/uploads\/2018\/01\/anonyme-e1517395054739.png\" alt=\"nbPersonnes\" \/><br \/>\n<b>1\/8<\/b><br \/>\nPERSONNES<\/div>\n<div class=\"blocInfoHebergement\"><img src=\"\/wp-content\/uploads\/2018\/01\/surfacelogo-e1517395648644.png\" alt=\"superficie\" \/><br \/>\n<b>75 m\u00b2<\/b><br \/>\nSUPERFICIE<\/div>\n<div class=\"blocInfoHebergement\"><img src=\"\/wp-content\/uploads\/2018\/01\/litLogo-e1517395781953.png\" alt=\"nbChambres\" \/><br \/>\n<b>3<\/b><br \/>\nCHAMBRES<\/div>\n<p>[\/vc_column_text][vc_btn title=&#8221;VOIR&#8221; color=&#8221;warning&#8221; align=&#8221;center&#8221; button_block=&#8221;true&#8221; link=&#8221;url:https%3A%2F%2Fwww.aupredulac.eu%2Fen%2Fchalet-gite-3-chambres%2F|target:%20_blank|&#8221; el_class=&#8221;btnHebergement&#8221;][vc_btn title=&#8221;RESERVER&#8221; color=&#8221;warning&#8221; align=&#8221;center&#8221; button_block=&#8221;true&#8221; link=&#8221;url:https%3A%2F%2Fbookingpremium.secureholiday.net%2Ffr%2F1766%2F|target:%20_blank|&#8221; css=&#8221;.vc_custom_1651216348171{margin-bottom: -20px !important;}&#8221; el_class=&#8221;btnHebergement deux&#8221;][\/vc_column_inner][\/vc_row_inner][vc_row_inner el_class=&#8221;blocHebergement&#8221;][vc_column_inner width=&#8221;1\/2&#8243;][vc_column_text el_class=&#8221;titreHebergement&#8221; css=&#8221;.vc_custom_1656794970191{margin-bottom: 17px !important;padding-top: 17px !important;}&#8221;]<\/p>\n<h3 class=\"cpt-title\" style=\"text-align: center;\"><a href=\"\/les-emplacements\/\">Tentes DK&#8217;BANE<\/a><\/h3>\n<p>[\/vc_column_text][vc_separator color=&#8221;custom&#8221; border_width=&#8221;4&#8243; el_width=&#8221;10&#8243; accent_color=&#8221;#61d007&#8243;][vc_single_image image=&#8221;12368&#8243; img_size=&#8221;full&#8221; alignment=&#8221;center&#8221; onclick=&#8221;custom_link&#8221; link=&#8221;https:\/\/www.aupredulac.eu\/en\/les-emplacements\/&#8221; title=&#8221;DK&apos;BANE&#8221;][vc_column_text el_class=&#8221;prixHebergement&#8221; css=&#8221;.vc_custom_1704809513136{margin-top: -26px !important;}&#8221;]<\/p>\n<p style=\"text-align: right;\">\u00c0 partir de <strong><span class=\"prix\">350\u20ac la semaine \/ 2pers<\/span><\/strong><\/p>\n<p>[\/vc_column_text][vc_column_text el_class=&#8221;infoSuppHebergement&#8221; css=&#8221;.vc_custom_1716058368806{margin-bottom: 0px !important;}&#8221;]<\/p>\n<div class=\"blocInfoHebergement\"><img src=\"https:\/\/www.aupredulac.eu\/wp-content\/uploads\/2018\/01\/anonyme-e1517395054739.png\" alt=\"nbPersonnes\" \/><br \/>\n<b>1\/2<\/b><br \/>\nPERSONNES<\/div>\n<div class=\"blocInfoHebergement\"><img src=\"\/wp-content\/uploads\/2018\/01\/surfacelogo-e1517395648644.png\" alt=\"superficie\" \/><br \/>\n<b>8 m\u00b2<\/b><br \/>\nSUPERFICIE<\/div>\n<p>[\/vc_column_text][vc_btn title=&#8221;VOIR&#8221; color=&#8221;warning&#8221; align=&#8221;center&#8221; button_block=&#8221;true&#8221; link=&#8221;url:https%3A%2F%2Fwww.aupredulac.eu%2Fen%2Fles-emplacements%2F|target:%20_blank|&#8221; el_class=&#8221;btnHebergement&#8221;][vc_btn title=&#8221;RESERVER&#8221; color=&#8221;warning&#8221; align=&#8221;center&#8221; button_block=&#8221;true&#8221; link=&#8221;url:https%3A%2F%2Fbookingpremium.secureholiday.net%2Ffr%2F1766%2F|target:%20_blank|&#8221; css=&#8221;.vc_custom_1651216751221{margin-bottom: -20px !important;}&#8221; el_class=&#8221;btnHebergement deux&#8221;][\/vc_column_inner][vc_column_inner width=&#8221;1\/2&#8243;][vc_column_text el_class=&#8221;titreHebergement&#8221; css=&#8221;.vc_custom_1523875949659{margin-bottom: 17px !important;padding-top: 17px !important;}&#8221;]<\/p>\n<h3 class=\"cpt-title\" style=\"text-align: center;\"><a href=\"\/les-emplacements\/\">Emplacements<\/a><\/h3>\n<p>[\/vc_column_text][vc_separator color=&#8221;custom&#8221; border_width=&#8221;4&#8243; el_width=&#8221;10&#8243; accent_color=&#8221;#61d007&#8243;][vc_single_image image=&#8221;10545&#8243; img_size=&#8221;full&#8221; alignment=&#8221;center&#8221; onclick=&#8221;custom_link&#8221; link=&#8221;https:\/\/www.aupredulac.eu\/en\/les-emplacements\/&#8221;][vc_column_text el_class=&#8221;prixHebergement&#8221; css=&#8221;.vc_custom_1736261290928{margin-top: -26px !important;}&#8221;]<\/p>\n<p style=\"text-align: right;\">\u00c0 partir de 24.5<strong><span class=\"prix\">\u20ac \/ nuit \/ 2pers<\/span><\/strong><\/p>\n<p>[\/vc_column_text][vc_column_text el_class=&#8221;infoSuppHebergement&#8221; css=&#8221;.vc_custom_1517408580456{margin-bottom: 0px !important;}&#8221;]<\/p>\n<div class=\"blocInfoHebergement\"><img src=\"https:\/\/www.aupredulac.eu\/wp-content\/uploads\/2018\/01\/anonyme-e1517395054739.png\" alt=\"nbPersonnes\" \/><br \/>\n<b>1\/6<\/b><br \/>\nPERSONNES<\/div>\n<div class=\"blocInfoHebergement\"><img src=\"\/wp-content\/uploads\/2018\/01\/surfacelogo-e1517395648644.png\" alt=\"superficie\" \/><br \/>\n<b>90 m\u00b2<\/b><br \/>\nSUPERFICIE<\/div>\n<p>[\/vc_column_text][vc_btn title=&#8221;VOIR&#8221; color=&#8221;warning&#8221; align=&#8221;center&#8221; button_block=&#8221;true&#8221; link=&#8221;url:https%3A%2F%2Fwww.aupredulac.eu%2Fen%2Fles-emplacements%2F|target:%20_blank|&#8221; el_class=&#8221;btnHebergement&#8221;][vc_btn title=&#8221;RESERVER&#8221; color=&#8221;warning&#8221; align=&#8221;center&#8221; button_block=&#8221;true&#8221; link=&#8221;url:https%3A%2F%2Fbookingpremium.secureholiday.net%2Ffr%2F1766%2F|target:%20_blank|&#8221; css=&#8221;.vc_custom_1651216751221{margin-bottom: -20px !important;}&#8221; el_class=&#8221;btnHebergement deux&#8221;][\/vc_column_inner][\/vc_row_inner][vc_row_inner el_class=&#8221;blocHebergement&#8221;][vc_column_inner width=&#8221;1\/2&#8243;][vc_column_text el_class=&#8221;titreHebergement&#8221; css=&#8221;.vc_custom_1736261411058{margin-bottom: 17px !important;padding-top: 17px !important;}&#8221;]<\/p>\n<h3 class=\"cpt-title\" style=\"text-align: center;\"><a href=\"\/les-emplacements\/\">Emplacements vue sur lac<\/a><\/h3>\n<h6 class=\"cpt-title\" style=\"text-align: center;\"><a href=\"\/les-emplacements\/\">avec Branchement \u00e9lectrique , acc\u00e8s plage.<\/a><\/h6>\n<p>[\/vc_column_text][vc_single_image image=&#8221;14299&#8243; img_size=&#8221;full&#8221; alignment=&#8221;center&#8221; onclick=&#8221;custom_link&#8221; link=&#8221;https:\/\/www.aupredulac.eu\/en\/les-emplacements\/&#8221;][vc_column_text el_class=&#8221;prixHebergement&#8221; css=&#8221;.vc_custom_1765292923978{margin-top: -26px !important;}&#8221;]<\/p>\n<p style=\"text-align: right;\">\u00c0 partir de 30.10<strong><span class=\"prix\">\u20ac \/ nuit \/ 2pers + Elec<\/span><\/strong><\/p>\n<p>[\/vc_column_text][vc_column_text el_class=&#8221;infoSuppHebergement&#8221; css=&#8221;.vc_custom_1517408580456{margin-bottom: 0px !important;}&#8221;]<\/p>\n<div class=\"blocInfoHebergement\"><img src=\"https:\/\/www.aupredulac.eu\/wp-content\/uploads\/2018\/01\/anonyme-e1517395054739.png\" alt=\"nbPersonnes\" \/><br \/>\n<b>1\/6<\/b><br \/>\nPERSONNES<\/div>\n<div class=\"blocInfoHebergement\"><img src=\"\/wp-content\/uploads\/2018\/01\/surfacelogo-e1517395648644.png\" alt=\"superficie\" \/><br \/>\n<b>90 m\u00b2<\/b><br \/>\nSUPERFICIE<\/div>\n<p>[\/vc_column_text][vc_btn title=&#8221;VOIR&#8221; color=&#8221;warning&#8221; align=&#8221;center&#8221; button_block=&#8221;true&#8221; link=&#8221;url:https%3A%2F%2Fwww.aupredulac.eu%2Fen%2Fles-emplacements%2F|target:%20_blank|&#8221; el_class=&#8221;btnHebergement&#8221;][vc_btn title=&#8221;RESERVER&#8221; color=&#8221;warning&#8221; align=&#8221;center&#8221; button_block=&#8221;true&#8221; link=&#8221;url:https%3A%2F%2Fbookingpremium.secureholiday.net%2Ffr%2F1766%2F|target:%20_blank|&#8221; css=&#8221;.vc_custom_1651216760894{margin-bottom: -20px !important;}&#8221; el_class=&#8221;btnHebergement deux&#8221;][\/vc_column_inner][vc_column_inner width=&#8221;1\/2&#8243;][\/vc_column_inner][\/vc_row_inner][\/vc_tta_section][vc_tta_section title=&#8221;CHALET&#8221; tab_id=&#8221;Chalet&#8221;][vc_row_inner equal_height=&#8221;yes&#8221; el_class=&#8221;blocHebergement&#8221;][vc_column_inner width=&#8221;1\/2&#8243;][vc_column_text el_class=&#8221;titreHebergement&#8221; css=&#8221;.vc_custom_1523876107351{margin-bottom: 17px !important;padding-top: 17px !important;}&#8221;]<\/p>\n<h3 class=\"cpt-title\" style=\"text-align: center;\"><a href=\"\/chalet-2-chambres\/\">Chalet 2 chambres<\/a><\/h3>\n<p>[\/vc_column_text][vc_separator color=&#8221;custom&#8221; border_width=&#8221;6&#8243; el_width=&#8221;10&#8243; accent_color=&#8221;#61d007&#8243;][vc_single_image image=&#8221;10273&#8243; img_size=&#8221;full&#8221; alignment=&#8221;center&#8221; onclick=&#8221;custom_link&#8221; link=&#8221;https:\/\/www.aupredulac.eu\/en\/chalet-2-chambres\/&#8221;][vc_column_text el_class=&#8221;prixHebergement&#8221; css=&#8221;.vc_custom_1611246922954{margin-top: -26px !important;}&#8221;]<\/p>\n<p style=\"text-align: right;\">\u00c0 partir de <strong><span class=\"prix\">330\u20ac \/ semaine<\/span><\/strong><\/p>\n<p>[\/vc_column_text][vc_column_text el_class=&#8221;infoSuppHebergement&#8221; css=&#8221;.vc_custom_1517404486513{margin-bottom: 0px !important;}&#8221;]<\/p>\n<div class=\"blocInfoHebergement\"><img src=\"https:\/\/www.aupredulac.eu\/wp-content\/uploads\/2018\/01\/anonyme-e1517395054739.png\" alt=\"nbPersonnes\" \/><br \/>\n<b>1\/6<\/b><br \/>\nPERSONNES<\/div>\n<div class=\"blocInfoHebergement\"><img src=\"\/wp-content\/uploads\/2018\/01\/surfacelogo-e1517395648644.png\" alt=\"superficie\" \/><br \/>\n<b>35 m\u00b2<\/b><br \/>\nSUPERFICIE<\/div>\n<div class=\"blocInfoHebergement\"><img src=\"\/wp-content\/uploads\/2018\/01\/litLogo-e1517395781953.png\" alt=\"nbChambres\" \/><br \/>\n<b>2<\/b><br \/>\nCHAMBRES<\/div>\n<p>[\/vc_column_text][vc_btn title=&#8221;VOIR&#8221; color=&#8221;warning&#8221; align=&#8221;center&#8221; button_block=&#8221;true&#8221; link=&#8221;url:https%3A%2F%2Fwww.aupredulac.eu%2Fen%2Fchalet-2-chambres%2F|target:%20_blank|&#8221; el_class=&#8221;btnHebergement&#8221;][vc_btn title=&#8221;RESERVER&#8221; color=&#8221;warning&#8221; align=&#8221;center&#8221; button_block=&#8221;true&#8221; link=&#8221;url:https%3A%2F%2Fbookingpremium.secureholiday.net%2Ffr%2F1766%2F|target:%20_blank|&#8221; el_class=&#8221;btnHebergement deux&#8221;][\/vc_column_inner][vc_column_inner width=&#8221;1\/2&#8243;][vc_column_text el_class=&#8221;titreHebergement&#8221; css=&#8221;.vc_custom_1523876121640{margin-bottom: 17px !important;padding-top: 17px !important;}&#8221;]<\/p>\n<h3 class=\"cpt-title\" style=\"text-align: center;\"><a href=\"\/chalet-gite-3-chambres\/\">Chalet g\u00eete 3 chambres<\/a><\/h3>\n<p>[\/vc_column_text][vc_separator color=&#8221;custom&#8221; border_width=&#8221;6&#8243; el_width=&#8221;10&#8243; accent_color=&#8221;#61d007&#8243;][vc_single_image image=&#8221;11123&#8243; img_size=&#8221;full&#8221; alignment=&#8221;center&#8221; onclick=&#8221;custom_link&#8221; link=&#8221;https:\/\/www.aupredulac.eu\/en\/chalet-gite-3-chambres\/&#8221;][vc_column_text el_class=&#8221;prixHebergement&#8221; css=&#8221;.vc_custom_1611246935244{margin-top: -26px !important;}&#8221;]<\/p>\n<p style=\"text-align: right;\">\u00c0 partir de <strong><span class=\"prix\">530\u20ac \/ semaine<\/span><\/strong><\/p>\n<p>[\/vc_column_text][vc_column_text el_class=&#8221;infoSuppHebergement&#8221; css=&#8221;.vc_custom_1517404679434{margin-bottom: 0px !important;}&#8221;]<\/p>\n<div class=\"blocInfoHebergement\"><img src=\"https:\/\/www.aupredulac.eu\/wp-content\/uploads\/2018\/01\/anonyme-e1517395054739.png\" alt=\"nbPersonnes\" \/><br \/>\n<b>1\/8<\/b><br \/>\nPERSONNES<\/div>\n<div class=\"blocInfoHebergement\"><img src=\"\/wp-content\/uploads\/2018\/01\/surfacelogo-e1517395648644.png\" alt=\"superficie\" \/><br \/>\n<b>75 m\u00b2<\/b><br \/>\nSUPERFICIE<\/div>\n<div class=\"blocInfoHebergement\"><img src=\"\/wp-content\/uploads\/2018\/01\/litLogo-e1517395781953.png\" alt=\"nbChambres\" \/><br \/>\n<b>3<\/b><br \/>\nCHAMBRES<\/div>\n<p>[\/vc_column_text][vc_btn title=&#8221;VOIR&#8221; color=&#8221;warning&#8221; align=&#8221;center&#8221; button_block=&#8221;true&#8221; link=&#8221;url:https%3A%2F%2Fwww.aupredulac.eu%2Fen%2Fchalet-gite-3-chambres%2F|target:%20_blank|&#8221; el_class=&#8221;btnHebergement&#8221;][vc_btn title=&#8221;RESERVER&#8221; color=&#8221;warning&#8221; align=&#8221;center&#8221; button_block=&#8221;true&#8221; link=&#8221;url:https%3A%2F%2Fbookingpremium.secureholiday.net%2Ffr%2F1766%2F|target:%20_blank|&#8221; css=&#8221;.vc_custom_1651216800796{margin-bottom: -20px !important;}&#8221; el_class=&#8221;btnHebergement deux&#8221;][\/vc_column_inner][\/vc_row_inner][\/vc_tta_section][vc_tta_section title=&#8221;HUTTE&#8221; tab_id=&#8221;Hutte&#8221;][vc_row_inner el_class=&#8221;blocHebergement&#8221;][vc_column_inner width=&#8221;1\/4&#8243;][\/vc_column_inner][vc_column_inner width=&#8221;1\/2&#8243;][vc_column_text el_class=&#8221;titreHebergement&#8221; css=&#8221;.vc_custom_1523876138910{margin-bottom: 17px !important;padding-top: 17px !important;}&#8221;]<\/p>\n<h3 class=\"cpt-title\" style=\"text-align: center;\"><a href=\"\/hutte-2-a-4-couchages\/\">Hutte 2 \u00e0 4 couchages<\/a><\/h3>\n<p>[\/vc_column_text][vc_separator color=&#8221;custom&#8221; border_width=&#8221;6&#8243; el_width=&#8221;10&#8243; accent_color=&#8221;#61d007&#8243;][vc_single_image image=&#8221;11558&#8243; img_size=&#8221;full&#8221; alignment=&#8221;center&#8221; onclick=&#8221;custom_link&#8221; link=&#8221;https:\/\/www.aupredulac.eu\/en\/hutte-2-a-4-couchages\/&#8221;][vc_column_text el_class=&#8221;prixHebergement&#8221; css=&#8221;.vc_custom_1611247132186{margin-top: -26px !important;}&#8221;]<\/p>\n<p style=\"text-align: right;\">\u00c0 partir de <strong><span class=\"prix\">240\u20ac \/ semaine<\/span><\/strong><\/p>\n<p>[\/vc_column_text][vc_column_text el_class=&#8221;infoSuppHebergement&#8221; css=&#8221;.vc_custom_1611247198036{margin-bottom: 0px !important;}&#8221;]<\/p>\n<div class=\"blocInfoHebergement\"><img src=\"https:\/\/www.aupredulac.eu\/wp-content\/uploads\/2018\/01\/anonyme-e1517395054739.png\" alt=\"nbPersonnes\" \/><br \/>\n<b>1\/4<\/b><br \/>\nPERSONNES<\/div>\n<div class=\"blocInfoHebergement\"><img src=\"\/wp-content\/uploads\/2018\/01\/surfacelogo-e1517395648644.png\" alt=\"superficie\" \/><br \/>\n<b>14 m\u00b2<\/b><br \/>\nSUPERFICIE<\/div>\n<div class=\"blocInfoHebergement\"><img src=\"\/wp-content\/uploads\/2018\/01\/litLogo-e1517395781953.png\" alt=\"nbChambres\" \/><br \/>\n<b>2 ou 4<\/b><br \/>\nCOUCHAGES<\/div>\n<p>[\/vc_column_text][vc_btn title=&#8221;VOIR&#8221; color=&#8221;warning&#8221; align=&#8221;center&#8221; button_block=&#8221;true&#8221; link=&#8221;url:https%3A%2F%2Fwww.aupredulac.eu%2Fen%2Fhutte-2-a-4-couchages%2F|target:%20_blank|&#8221; el_class=&#8221;btnHebergement&#8221;][vc_btn title=&#8221;RESERVER&#8221; color=&#8221;warning&#8221; align=&#8221;center&#8221; button_block=&#8221;true&#8221; link=&#8221;url:https%3A%2F%2Fbookingpremium.secureholiday.net%2Ffr%2F1766%2F|target:%20_blank|&#8221; el_class=&#8221;btnHebergement deux&#8221;][\/vc_column_inner][vc_column_inner width=&#8221;1\/4&#8243;][\/vc_column_inner][\/vc_row_inner][\/vc_tta_section][vc_tta_section title=&#8221;MOBIL HOME&#8221; tab_id=&#8221;mobilHome&#8221;][vc_row_inner el_class=&#8221;blocHebergement&#8221;][vc_column_inner width=&#8221;1\/2&#8243;][vc_column_text el_class=&#8221;titreHebergement&#8221; css=&#8221;.vc_custom_1523876155424{margin-bottom: 17px !important;padding-top: 17px !important;}&#8221;]<\/p>\n<h3 class=\"cpt-title\" style=\"text-align: center;\"><a href=\"\/mobil-home-2-chambres\/\">Mobil home 2 chambres<\/a><\/h3>\n<p>[\/vc_column_text][vc_separator color=&#8221;custom&#8221; border_width=&#8221;6&#8243; el_width=&#8221;10&#8243; accent_color=&#8221;#61d007&#8243;][vc_single_image image=&#8221;11492&#8243; img_size=&#8221;full&#8221; alignment=&#8221;center&#8221; onclick=&#8221;custom_link&#8221; link=&#8221;https:\/\/www.aupredulac.eu\/en\/mobil-home-2-chambres\/&#8221;][vc_column_text el_class=&#8221;prixHebergement&#8221; css=&#8221;.vc_custom_1611247348689{margin-top: -26px !important;}&#8221;]<\/p>\n<p style=\"text-align: right;\">\u00c0 partir de <strong><span class=\"prix\">310\u20ac \/ semaine<\/span><\/strong><\/p>\n<p>[\/vc_column_text][vc_column_text el_class=&#8221;infoSuppHebergement&#8221; css=&#8221;.vc_custom_1611247309703{margin-bottom: 0px !important;}&#8221;]<\/p>\n<div class=\"blocInfoHebergement\"><img src=\"https:\/\/www.aupredulac.eu\/wp-content\/uploads\/2018\/01\/anonyme-e1517395054739.png\" alt=\"nbPersonnes\" \/><br \/>\n<b>1\/4<\/b><br \/>\nPERSONNES<\/div>\n<div class=\"blocInfoHebergement\"><img src=\"\/wp-content\/uploads\/2018\/01\/surfacelogo-e1517395648644.png\" alt=\"superficie\" \/><br \/>\n<b>26 m\u00b2<\/b><br \/>\nSUPERFICIE<\/div>\n<div class=\"blocInfoHebergement\"><img src=\"\/wp-content\/uploads\/2018\/01\/litLogo-e1517395781953.png\" alt=\"nbChambres\" \/><br \/>\n<b>2<\/b><br \/>\nCHAMBRES<\/div>\n<p>[\/vc_column_text][vc_btn title=&#8221;VOIR&#8221; color=&#8221;warning&#8221; align=&#8221;center&#8221; button_block=&#8221;true&#8221; link=&#8221;url:https%3A%2F%2Fwww.aupredulac.eu%2Fen%2Fmobil-home-2-chambres%2F|target:%20_blank|&#8221; el_class=&#8221;btnHebergement&#8221;][vc_btn title=&#8221;RESERVER&#8221; color=&#8221;warning&#8221; align=&#8221;center&#8221; button_block=&#8221;true&#8221; link=&#8221;url:https%3A%2F%2Fbookingpremium.secureholiday.net%2Ffr%2F1766%2F|target:%20_blank|&#8221; el_class=&#8221;btnHebergement deux&#8221;][\/vc_column_inner][vc_column_inner width=&#8221;1\/2&#8243;][vc_column_text el_class=&#8221;titreHebergement&#8221; css=&#8221;.vc_custom_1523876169848{margin-bottom: 17px !important;padding-top: 17px !important;}&#8221;]<\/p>\n<h3 class=\"cpt-title\" style=\"text-align: center;\"><a href=\"\/mobil-home-3-chambres\/\">Mobil home 3 chambres<\/a><\/h3>\n<p>[\/vc_column_text][vc_separator color=&#8221;custom&#8221; border_width=&#8221;6&#8243; el_width=&#8221;10&#8243; accent_color=&#8221;#61d007&#8243;][vc_single_image image=&#8221;11522&#8243; img_size=&#8221;full&#8221; alignment=&#8221;center&#8221; onclick=&#8221;custom_link&#8221; link=&#8221;https:\/\/www.aupredulac.eu\/en\/mobil-home-3-chambres\/&#8221;][vc_column_text el_class=&#8221;prixHebergement&#8221; css=&#8221;.vc_custom_1611247360982{margin-top: -26px !important;}&#8221;]<\/p>\n<p style=\"text-align: right;\">\u00c0 partir de <strong><span class=\"prix\">340\u20ac \/ semaine<\/span><\/strong><\/p>\n<p>[\/vc_column_text][vc_column_text el_class=&#8221;infoSuppHebergement&#8221; css=&#8221;.vc_custom_1611247325732{margin-bottom: 0px !important;}&#8221;]<\/p>\n<div class=\"blocInfoHebergement\"><img src=\"https:\/\/www.aupredulac.eu\/wp-content\/uploads\/2018\/01\/anonyme-e1517395054739.png\" alt=\"nbPersonnes\" \/><br \/>\n<b>1\/6<\/b><br \/>\nPERSONNES<\/div>\n<div class=\"blocInfoHebergement\"><img src=\"\/wp-content\/uploads\/2018\/01\/surfacelogo-e1517395648644.png\" alt=\"superficie\" \/><br \/>\n<b>29 m\u00b2<\/b><br \/>\nSUPERFICIE<\/div>\n<div class=\"blocInfoHebergement\"><img src=\"\/wp-content\/uploads\/2018\/01\/litLogo-e1517395781953.png\" alt=\"nbChambres\" \/><br \/>\n<b>3<\/b><br \/>\nCHAMBRES<\/div>\n<p>[\/vc_column_text][vc_btn title=&#8221;VOIR&#8221; color=&#8221;warning&#8221; align=&#8221;center&#8221; button_block=&#8221;true&#8221; link=&#8221;url:https%3A%2F%2Fwww.aupredulac.eu%2Fen%2Fmobil-home-3-chambres%2F|target:%20_blank|&#8221; el_class=&#8221;btnHebergement&#8221;][vc_btn title=&#8221;RESERVER&#8221; color=&#8221;warning&#8221; align=&#8221;center&#8221; button_block=&#8221;true&#8221; link=&#8221;url:https%3A%2F%2Fbookingpremium.secureholiday.net%2Ffr%2F1766%2F|target:%20_blank|&#8221; el_class=&#8221;btnHebergement deux&#8221;][\/vc_column_inner][\/vc_row_inner][vc_row_inner el_class=&#8221;blocHebergement&#8221;][vc_column_inner width=&#8221;1\/4&#8243;][\/vc_column_inner][vc_column_inner width=&#8221;1\/2&#8243;][vc_column_text el_class=&#8221;titreHebergement&#8221; css=&#8221;.vc_custom_1523876194704{margin-bottom: 17px !important;padding-top: 17px !important;}&#8221;]<\/p>\n<h3 class=\"cpt-title\" style=\"text-align: center;\"><a href=\"https:\/\/www.aupredulac.eu\/mobil-home-grand-confort\/\">Mobil home<br \/>\ngrand confort 2 chambres<\/a><\/h3>\n<p>[\/vc_column_text][vc_separator color=&#8221;custom&#8221; border_width=&#8221;6&#8243; el_width=&#8221;10&#8243; accent_color=&#8221;#61d007&#8243;][vc_single_image image=&#8221;11234&#8243; img_size=&#8221;full&#8221; alignment=&#8221;center&#8221; onclick=&#8221;custom_link&#8221; link=&#8221;https:\/\/www.aupredulac.eu\/en\/mobil-home-grand-confort\/&#8221;][vc_column_text el_class=&#8221;prixHebergement&#8221; css=&#8221;.vc_custom_1611247439575{margin-top: -26px !important;}&#8221;]<\/p>\n<p style=\"text-align: right;\">\u00c0 partir de <strong><span class=\"prix\">340\u20ac \/ semaine<\/span><\/strong><\/p>\n<p>[\/vc_column_text][vc_column_text el_class=&#8221;infoSuppHebergement&#8221; css=&#8221;.vc_custom_1518086241162{margin-bottom: 0px !important;}&#8221;]<\/p>\n<div class=\"blocInfoHebergement\"><img src=\"https:\/\/www.aupredulac.eu\/wp-content\/uploads\/2018\/01\/anonyme-e1517395054739.png\" alt=\"nbPersonnes\" \/><br \/>\n<b>1\/4<\/b><br \/>\nPERSONNES<\/div>\n<div class=\"blocInfoHebergement\"><img src=\"\/wp-content\/uploads\/2018\/01\/surfacelogo-e1517395648644.png\" alt=\"superficie\" \/><br \/>\n<b>36 m\u00b2<\/b><br \/>\nSUPERFICIE<\/div>\n<div class=\"blocInfoHebergement\"><img src=\"\/wp-content\/uploads\/2018\/01\/litLogo-e1517395781953.png\" alt=\"nbChambres\" \/><br \/>\n<b>2<\/b><br \/>\nCHAMBRES<\/div>\n<p>[\/vc_column_text][vc_btn title=&#8221;VOIR&#8221; color=&#8221;warning&#8221; align=&#8221;center&#8221; button_block=&#8221;true&#8221; link=&#8221;url:https%3A%2F%2Fwww.aupredulac.eu%2Fen%2Fmobil-home-grand-confort%2F|target:%20_blank|&#8221; el_class=&#8221;btnHebergement&#8221;][vc_btn title=&#8221;RESERVER&#8221; color=&#8221;warning&#8221; align=&#8221;center&#8221; button_block=&#8221;true&#8221; link=&#8221;url:https%3A%2F%2Fbookingpremium.secureholiday.net%2Ffr%2F1766%2F|target:%20_blank|&#8221; css=&#8221;.vc_custom_1651216858849{margin-bottom: -20px !important;}&#8221; el_class=&#8221;btnHebergement deux&#8221;][\/vc_column_inner][vc_column_inner width=&#8221;1\/4&#8243;][\/vc_column_inner][\/vc_row_inner][\/vc_tta_section][vc_tta_section title=&#8221;CAMPING&#8221; tab_id=&#8221;Camping&#8221;][vc_row_inner el_class=&#8221;blocHebergement&#8221;][vc_column_inner width=&#8221;1\/4&#8243;][\/vc_column_inner][vc_column_inner width=&#8221;1\/2&#8243;][vc_column_text el_class=&#8221;titreHebergement&#8221; css=&#8221;.vc_custom_1523876207584{margin-bottom: 17px !important;padding-top: 17px !important;}&#8221;]<\/p>\n<h3 class=\"cpt-title\" style=\"text-align: center;\"><a href=\"\/les-emplacements\/\">Emplacements<\/a><\/h3>\n<p>[\/vc_column_text][vc_separator color=&#8221;custom&#8221; border_width=&#8221;6&#8243; el_width=&#8221;10&#8243; accent_color=&#8221;#61d007&#8243;][vc_single_image image=&#8221;10545&#8243; img_size=&#8221;full&#8221; alignment=&#8221;center&#8221; onclick=&#8221;custom_link&#8221; link=&#8221;https:\/\/www.aupredulac.eu\/en\/les-emplacements\/&#8221;][vc_column_text el_class=&#8221;prixHebergement&#8221; css=&#8221;.vc_custom_1611247645081{margin-top: -26px !important;}&#8221;]<\/p>\n<p style=\"text-align: right;\">\u00c0 partir de <strong><span class=\"prix\">16\u20ac \/ nuit \/ 2 pers<\/span><\/strong><\/p>\n<p>[\/vc_column_text][vc_column_text el_class=&#8221;infoSuppHebergement&#8221; css=&#8221;.vc_custom_1517408580456{margin-bottom: 0px !important;}&#8221;]<\/p>\n<div class=\"blocInfoHebergement\"><img src=\"https:\/\/www.aupredulac.eu\/wp-content\/uploads\/2018\/01\/anonyme-e1517395054739.png\" alt=\"nbPersonnes\" \/><br \/>\n<b>1\/6<\/b><br \/>\nPERSONNES<\/div>\n<div class=\"blocInfoHebergement\"><img src=\"\/wp-content\/uploads\/2018\/01\/surfacelogo-e1517395648644.png\" alt=\"superficie\" \/><br \/>\n<b>90 m\u00b2<\/b><br \/>\nSUPERFICIE<\/div>\n<p>[\/vc_column_text][vc_btn title=&#8221;VOIR&#8221; color=&#8221;warning&#8221; align=&#8221;center&#8221; button_block=&#8221;true&#8221; link=&#8221;url:https%3A%2F%2Fwww.aupredulac.eu%2Fen%2Fles-emplacements%2F|target:%20_blank|&#8221; el_class=&#8221;btnHebergement&#8221;][vc_btn title=&#8221;RESERVER&#8221; color=&#8221;warning&#8221; align=&#8221;center&#8221; button_block=&#8221;true&#8221; link=&#8221;url:https%3A%2F%2Fbookingpremium.secureholiday.net%2Ffr%2F1766%2F|target:%20_blank|&#8221; css=&#8221;.vc_custom_1651216875979{margin-bottom: -20px !important;}&#8221; el_class=&#8221;btnHebergement deux&#8221;][\/vc_column_inner][vc_column_inner width=&#8221;1\/4&#8243;][\/vc_column_inner][\/vc_row_inner][\/vc_tta_section][vc_tta_section title=&#8221;D&apos; TENTE&#8221; tab_id=&#8221;1656795280864-34a79ba0-4cc1&#8243;][vc_row_inner el_class=&#8221;blocHebergement&#8221;][vc_column_inner width=&#8221;1\/4&#8243;][\/vc_column_inner][vc_column_inner width=&#8221;1\/2&#8243;][vc_column_text el_class=&#8221;titreHebergement&#8221; css=&#8221;.vc_custom_1523876207584{margin-bottom: 17px !important;padding-top: 17px !important;}&#8221;]<\/p>\n<h3 class=\"cpt-title\" style=\"text-align: center;\"><a href=\"\/les-emplacements\/\">Emplacements<\/a><\/h3>\n<p>[\/vc_column_text][vc_separator color=&#8221;custom&#8221; border_width=&#8221;6&#8243; el_width=&#8221;10&#8243; accent_color=&#8221;#61d007&#8243;][vc_single_image image=&#8221;12368&#8243; img_size=&#8221;400&#215;300&#8243; alignment=&#8221;center&#8221; onclick=&#8221;custom_link&#8221; link=&#8221;https:\/\/www.aupredulac.eu\/en\/les-emplacements\/&#8221;][vc_column_text el_class=&#8221;prixHebergement&#8221; css=&#8221;.vc_custom_1658304574963{margin-top: -26px !important;}&#8221;]<\/p>\n<p style=\"text-align: right;\">\u00c0 partir de <strong><span class=\"prix\">170\u20ac les 2 nuits \/ 2 pers<\/span><\/strong><\/p>\n<p>[\/vc_column_text][vc_column_text el_class=&#8221;infoSuppHebergement&#8221; css=&#8221;.vc_custom_1658304451275{margin-bottom: 0px !important;}&#8221;]<\/p>\n<div class=\"blocInfoHebergement\"><img src=\"https:\/\/www.aupredulac.eu\/wp-content\/uploads\/2018\/01\/anonyme-e1517395054739.png\" alt=\"nbPersonnes\" \/><br \/>\n<b>1\/2<\/b><br \/>\nPERSONNES<\/div>\n<div class=\"blocInfoHebergement\"><img src=\"\/wp-content\/uploads\/2018\/01\/surfacelogo-e1517395648644.png\" alt=\"superficie\" \/><br \/>\n<b>80 m\u00b2<\/b><br \/>\nSUPERFICIE<\/div>\n<p>[\/vc_column_text][vc_btn title=&#8221;VOIR&#8221; color=&#8221;warning&#8221; align=&#8221;center&#8221; button_block=&#8221;true&#8221; link=&#8221;url:https%3A%2F%2Fwww.aupredulac.eu%2Fen%2Fles-emplacements%2F|target:%20_blank|&#8221; el_class=&#8221;btnHebergement&#8221;][vc_btn title=&#8221;RESERVER&#8221; color=&#8221;warning&#8221; align=&#8221;center&#8221; button_block=&#8221;true&#8221; link=&#8221;url:https%3A%2F%2Fbookingpremium.secureholiday.net%2Ffr%2F1766%2F|target:%20_blank|&#8221; css=&#8221;.vc_custom_1651216875979{margin-bottom: -20px !important;}&#8221; el_class=&#8221;btnHebergement deux&#8221;][\/vc_column_inner][vc_column_inner width=&#8221;1\/4&#8243;][\/vc_column_inner][\/vc_row_inner][\/vc_tta_section][\/vc_tta_tabs][\/vc_column][\/vc_row][vc_row full_width=&#8221;stretch_row&#8221; equal_height=&#8221;yes&#8221; content_placement=&#8221;middle&#8221; css=&#8221;.vc_custom_1523869983954{background-color: #f0f0f1 !important;}&#8221; el_id=&#8221;descriptif-type-hebergement&#8221;][vc_column][vc_column_text]<\/p>\n<h3 style=\"text-align: center;\">Descriptif de nos diff\u00e9rents types d&#8217;h\u00e9bergement<\/h3>\n<p>[\/vc_column_text][vc_separator color=&#8221;custom&#8221; border_width=&#8221;6&#8243; el_width=&#8221;10&#8243; accent_color=&#8221;#61d007&#8243;][vc_empty_space height=&#8221;5px&#8221;][vc_tta_accordion active_section=&#8221;0&#8243; collapsible_all=&#8221;true&#8221;][vc_tta_section title=&#8221;LES CHALETS&#8221; tab_id=&#8221;descriprtion-chalet&#8221;][vc_column_text el_class=&#8221;titreInfoSuppHebergement&#8221;]<\/p>\n<h3 style=\"text-align: left;\">Chalet 2 chambres<\/h3>\n<p>Fournitures :[\/vc_column_text][vc_row_inner][vc_column_inner width=&#8221;1\/2&#8243;][vc_column_text el_class=&#8221;listeHebergement&#8221;]<\/p>\n<ul>\n<li>1 lit (140\u00d7190)<\/li>\n<li>Canap\u00e9 convertible<\/li>\n<li>1 WC<\/li>\n<li>4 feux de cuisson au gaz<\/li>\n<li>1 table de terrasse<\/li>\n<li>WIFI<\/li>\n<\/ul>\n<p>[\/vc_column_text][\/vc_column_inner][vc_column_inner width=&#8221;1\/2&#8243;][vc_column_text el_class=&#8221;listeHebergement&#8221;]<\/p>\n<ul>\n<li>2 lits (80\u00d7190)<\/li>\n<li>Salle de bain douche<\/li>\n<li>1 micro-onde<\/li>\n<li>6 chaises<\/li>\n<li>1 r\u00e9frig\u00e9rateur<\/li>\n<li>Parking<\/li>\n<\/ul>\n<p>[\/vc_column_text][\/vc_column_inner][\/vc_row_inner][vc_separator color=&#8221;custom&#8221; accent_color=&#8221;#61d007&#8243;][vc_column_text el_class=&#8221;titreInfoSuppHebergement&#8221;]<\/p>\n<h3>Chalet g\u00eete 3 chambres<\/h3>\n<p>Fournitures :[\/vc_column_text][vc_row_inner][vc_column_inner width=&#8221;1\/2&#8243;][vc_column_text el_class=&#8221;listeHebergement&#8221;]<\/p>\n<ul>\n<li>1 lit (190\u00d7200)<\/li>\n<li>Canap\u00e9 convertible<\/li>\n<li>Salle de bain baignoire<\/li>\n<li>2 WC<\/li>\n<li>4 feux de cuisson au gaz<\/li>\n<li>1 r\u00e9frig\u00e9rateur cong\u00e9lateur<\/li>\n<li>lave linge<\/li>\n<li>lave vaisselle<\/li>\n<li>TV<\/li>\n<\/ul>\n<p>[\/vc_column_text][\/vc_column_inner][vc_column_inner width=&#8221;1\/2&#8243;][vc_column_text el_class=&#8221;listeHebergement&#8221;]<\/p>\n<ul>\n<li>4 lits (80\u00d7190)<\/li>\n<li>8 chaises<\/li>\n<li>Salle de bain douche<\/li>\n<li>1 micro-onde<\/li>\n<li>1 table de terrasse<\/li>\n<li>Salon de jardin<\/li>\n<li>Parking<\/li>\n<\/ul>\n<p>[\/vc_column_text][\/vc_column_inner][\/vc_row_inner][\/vc_tta_section][vc_tta_section title=&#8221;LES HUTTES&#8221; tab_id=&#8221;description-huttes&#8221;][vc_column_text el_class=&#8221;titreInfoSuppHebergement&#8221;]<\/p>\n<h3>Huttes 2 \u00e0 4 couchages<\/h3>\n<p>Fournitures :[\/vc_column_text][vc_row_inner][vc_column_inner width=&#8221;1\/2&#8243;][vc_column_text el_class=&#8221;listeHebergement&#8221;]<\/p>\n<ul class=\"listeHebergement\">\n<li>2 lits superpos\u00e9s (80\u00d7190)<\/li>\n<li>2 couettes<\/li>\n<li>2 oreilles<\/li>\n<li>2 tabourets<\/li>\n<li>1 plaque de cuisson<\/li>\n<li>1 r\u00e9frig\u00e9rateur<\/li>\n<\/ul>\n<p>[\/vc_column_text][\/vc_column_inner][vc_column_inner width=&#8221;1\/2&#8243;][vc_column_text el_class=&#8221;listeHebergement&#8221;]<\/p>\n<ul class=\"listeHebergement\">\n<li>1 canap\u00e9 convertible (140\u00d7190)<\/li>\n<li>1 couette<\/li>\n<li>2 oreilles<\/li>\n<li>Vaisselles<\/li>\n<li>1 table de terrasse<\/li>\n<li>Salon de jardin<\/li>\n<\/ul>\n<p>[\/vc_column_text][\/vc_column_inner][\/vc_row_inner][\/vc_tta_section][vc_tta_section title=&#8221;LES MOBIL-HOMES&#8221; tab_id=&#8221;description-mobil-homes&#8221;][vc_column_text el_class=&#8221;titreInfoSuppHebergement&#8221;]<\/p>\n<h3 style=\"text-align: left;\">Mobil home 2 chambres<\/h3>\n<p>Fournitures :[\/vc_column_text][vc_row_inner][vc_column_inner width=&#8221;1\/2&#8243;][vc_column_text el_class=&#8221;listeHebergement&#8221;]<\/p>\n<ul>\n<li>1 lit (140\u00d7190)<\/li>\n<li>canap\u00e9 convertible<\/li>\n<li>1 couette<\/li>\n<li>2 oreilles<\/li>\n<li>Salle de bain douche<\/li>\n<li>1 micro-onde<\/li>\n<li>1 table de terrasse<\/li>\n<li>Salon de jardin<\/li>\n<li>Parking<\/li>\n<li><\/li>\n<\/ul>\n<p>[\/vc_column_text][\/vc_column_inner][vc_column_inner width=&#8221;1\/2&#8243;][vc_column_text el_class=&#8221;listeHebergement&#8221;]<\/p>\n<ul>\n<li>2 lits (80\u00d7190)<\/li>\n<li>2 couettes<\/li>\n<li>2 oreilles<\/li>\n<li>1 WC<\/li>\n<li>4 feux de cuisson au gaz<\/li>\n<li>1 r\u00e9frig\u00e9rateur<\/li>\n<\/ul>\n<p>[\/vc_column_text][\/vc_column_inner][\/vc_row_inner][vc_separator color=&#8221;custom&#8221; accent_color=&#8221;#61d007&#8243;][vc_column_text el_class=&#8221;titreInfoSuppHebergement&#8221;]<\/p>\n<h3 style=\"text-align: left;\">Mobil home 3 chambres<\/h3>\n<p>Fournitures :[\/vc_column_text][vc_row_inner][vc_column_inner width=&#8221;1\/2&#8243;][vc_column_text el_class=&#8221;listeHebergement&#8221;]<\/p>\n<ul>\n<li>1 lit (140\u00d7190)<\/li>\n<li>2 lits (80\u00d7190)<\/li>\n<li>Salle de bain douche<\/li>\n<li>1 micro-onde<\/li>\n<li>1 r\u00e9frig\u00e9rateur cong\u00e9lateur<\/li>\n<li>couettes<\/li>\n<li>oreillers<\/li>\n<\/ul>\n<p>[\/vc_column_text][\/vc_column_inner][vc_column_inner width=&#8221;1\/2&#8243;][vc_column_text el_class=&#8221;listeHebergement&#8221;]<\/p>\n<ul>\n<li>Lit superpos\u00e9s<\/li>\n<li>2 chaises<\/li>\n<li>1 WC<\/li>\n<li>4 feux de cuisson au gaz<\/li>\n<li>Salon de jardin<\/li>\n<li>Parking<\/li>\n<\/ul>\n<p>[\/vc_column_text][\/vc_column_inner][\/vc_row_inner][vc_separator color=&#8221;custom&#8221; accent_color=&#8221;#61d007&#8243;][vc_column_text el_class=&#8221;titreInfoSuppHebergement&#8221;]<\/p>\n<h3 style=\"text-align: left;\">Mobil home grand confort<\/h3>\n<p>Fournitures :[\/vc_column_text][vc_row_inner][vc_column_inner width=&#8221;1\/2&#8243;][vc_column_text el_class=&#8221;listeHebergement&#8221;]<\/p>\n<ul>\n<li>1 lit (140\u00d7190)<\/li>\n<li>4 chaises<\/li>\n<li>1 WC<\/li>\n<li>4 feux de cuisson au gaz<\/li>\n<li>1 r\u00e9frig\u00e9rateur cong\u00e9lateur<\/li>\n<li>four<\/li>\n<li>couettes<\/li>\n<li>oreillers<\/li>\n<\/ul>\n<p>[\/vc_column_text][\/vc_column_inner][vc_column_inner width=&#8221;1\/2&#8243;][vc_column_text el_class=&#8221;listeHebergement&#8221;]<\/p>\n<ul>\n<li>2 lits (80&#215;190)<\/li>\n<li>Salle de bain douche<\/li>\n<li>1 micro-onde<\/li>\n<li>1 table de terrasse<\/li>\n<li>Salon de jardin<\/li>\n<li>Parking<\/li>\n<\/ul>\n<p>[\/vc_column_text][\/vc_column_inner][\/vc_row_inner][\/vc_tta_section][vc_tta_section title=&#8221;LES EMPLACEMENTS DE CAMPING&#8221; tab_id=&#8221;description-camping&#8221;][vc_column_text el_class=&#8221;titreInfoSuppHebergement&#8221;]<\/p>\n<h3 style=\"text-align: left;\">Les emplacements<\/h3>\n<p>Fournitures :[\/vc_column_text][vc_row_inner][vc_column_inner width=&#8221;1\/2&#8243;][vc_column_text el_class=&#8221;listeHebergement&#8221;]<\/p>\n<ul>\n<li>Emplacements de 90 \u00e0 120 M\u00b2<\/li>\n<li>2 sanitaires communs<\/li>\n<li>laverie<\/li>\n<li>Parking<\/li>\n<\/ul>\n<p>[\/vc_column_text][\/vc_column_inner][vc_column_inner width=&#8221;1\/2&#8243;][vc_column_text el_class=&#8221;listeHebergement&#8221;]<\/p>\n<ul>\n<li>Bornes \u00e9lectriques 10A<\/li>\n<li>Table b\u00e9b\u00e9<\/li>\n<li>Vidange<\/li>\n<\/ul>\n<p>[\/vc_column_text][\/vc_column_inner][\/vc_row_inner][\/vc_tta_section][\/vc_tta_accordion][\/vc_column][\/vc_row][vc_row el_id=&#8221;accessibilite-cavaliers&#8221;][vc_column][\/vc_column][\/vc_row][vc_row][vc_column][vc_empty_space height=&#8221;10px&#8221;][vc_row_inner][vc_column_inner width=&#8221;1\/4&#8243;][\/vc_column_inner][vc_column_inner width=&#8221;1\/2&#8243;][vc_column_text][\/vc_column_text][vc_single_image image=&#8221;11736&#8243; img_size=&#8221;full&#8221; alignment=&#8221;center&#8221; onclick=&#8221;link_image&#8221; title=&#8221;Plan du camping&#8221;][\/vc_column_inner][vc_column_inner width=&#8221;1\/4&#8243;][\/vc_column_inner][\/vc_row_inner][\/vc_column][\/vc_row]<\/p>\n","protected":false},"excerpt":{"rendered":"<p>[vc_row full_width=&#8221;stretch_row&#8221; el_class=&#8221;titreHome&#8221;][vc_column][vc_empty_space height=&#8221;5px&#8221;][vc_column_text] H\u00e9bergement et tarifs camping &#8220;Au Pr\u00e9 du Lac&#8221; [\/vc_column_text][vc_separator color=&#8221;custom&#8221; border_width=&#8221;6&#8243; el_width=&#8221;10&#8243; accent_color=&#8221;#61d007&#8243;][\/vc_column][\/vc_row][vc_row el_id=&#8221;hebergement-tarifs&#8221;][vc_column][vc_tta_tabs spacing=&#8221;&#8221; alignment=&#8221;center&#8221; active_section=&#8221;1&#8243; css=&#8221;.vc_custom_1523868679067{margin-top: 20px !important;}&#8221;][vc_tta_section title=&#8221;TOUT&#8221; tab_id=&#8221;ToutLesHebergements&#8221;][vc_row_inner<span class=\"excerpt-hellip\"> [\u2026]<\/span><\/p>\n","protected":false},"author":1,"featured_media":0,"parent":0,"menu_order":0,"comment_status":"closed","ping_status":"closed","template":"","meta":[],"yoast_head":"<!-- This site is optimized with the Yoast SEO plugin v19.4 - https:\/\/yoast.com\/wordpress\/plugins\/seo\/ -->\n<title>H\u00e9bergements et Tarifs | &quot;Au Pr\u00e9 du Lac&quot; - Camping *** \u00e0 Laffrey<\/title>\n<meta name=\"description\" content=\"The Au Pr\u00e9 du Lac campsite offers accommodation: mobile home, chalet, hut or traditional pitch. Discover their comfort and price.\" \/>\n<meta name=\"robots\" content=\"index, follow, max-snippet:-1, max-image-preview:large, max-video-preview:-1\" \/>\n<link rel=\"canonical\" href=\"https:\/\/www.aupredulac.eu\/en\/hebergements-tarifs\/\" \/>\n<meta property=\"og:locale\" content=\"en_US\" \/>\n<meta property=\"og:type\" content=\"article\" \/>\n<meta property=\"og:title\" content=\"H\u00e9bergements et Tarifs | &quot;Au Pr\u00e9 du Lac&quot; - Camping *** \u00e0 Laffrey\" \/>\n<meta property=\"og:description\" content=\"The Au Pr\u00e9 du Lac campsite offers accommodation: mobile home, chalet, hut or traditional pitch. Discover their comfort and price.\" \/>\n<meta property=\"og:url\" content=\"https:\/\/www.aupredulac.eu\/en\/hebergements-tarifs\/\" \/>\n<meta property=\"og:site_name\" content=\"Au pre du Lac - Camping\" \/>\n<meta property=\"article:modified_time\" content=\"2025-12-09T15:09:38+00:00\" \/>\n<meta property=\"og:image\" content=\"https:\/\/www.aupredulac.eu\/wp-content\/uploads\/2018\/01\/anonyme-e1517395054739.png\" \/>\n<meta name=\"twitter:card\" content=\"summary_large_image\" \/>\n<meta name=\"twitter:label1\" content=\"Est. reading time\" \/>\n\t<meta name=\"twitter:data1\" content=\"15 minutes\" \/>\n<script type=\"application\/ld+json\" class=\"yoast-schema-graph\">{\"@context\":\"https:\/\/schema.org\",\"@graph\":[{\"@type\":\"WebSite\",\"@id\":\"https:\/\/www.aupredulac.eu\/#website\",\"url\":\"https:\/\/www.aupredulac.eu\/\",\"name\":\"Au pre du Lac - Camping\",\"description\":\"\",\"potentialAction\":[{\"@type\":\"SearchAction\",\"target\":{\"@type\":\"EntryPoint\",\"urlTemplate\":\"https:\/\/www.aupredulac.eu\/?s={search_term_string}\"},\"query-input\":\"required name=search_term_string\"}],\"inLanguage\":\"en-US\"},{\"@type\":\"WebPage\",\"@id\":\"https:\/\/www.aupredulac.eu\/en\/hebergements-tarifs\/\",\"url\":\"https:\/\/www.aupredulac.eu\/en\/hebergements-tarifs\/\",\"name\":\"H\u00e9bergements et Tarifs | \\\"Au Pr\u00e9 du Lac\\\" - Camping *** \u00e0 Laffrey\",\"isPartOf\":{\"@id\":\"https:\/\/www.aupredulac.eu\/#website\"},\"datePublished\":\"2018-01-08T12:58:46+00:00\",\"dateModified\":\"2025-12-09T15:09:38+00:00\",\"description\":\"The Au Pr\u00e9 du Lac campsite offers accommodation: mobile home, chalet, hut or traditional pitch. Discover their comfort and price.\",\"breadcrumb\":{\"@id\":\"https:\/\/www.aupredulac.eu\/en\/hebergements-tarifs\/#breadcrumb\"},\"inLanguage\":\"en-US\",\"potentialAction\":[{\"@type\":\"ReadAction\",\"target\":[\"https:\/\/www.aupredulac.eu\/en\/hebergements-tarifs\/\"]}]},{\"@type\":\"BreadcrumbList\",\"@id\":\"https:\/\/www.aupredulac.eu\/en\/hebergements-tarifs\/#breadcrumb\",\"itemListElement\":[{\"@type\":\"ListItem\",\"position\":1,\"name\":\"Accueil\",\"item\":\"https:\/\/www.aupredulac.eu\/en\/\"},{\"@type\":\"ListItem\",\"position\":2,\"name\":\"Prices &#038; Accommodations (EN)\"}]}]}<\/script>\n<!-- \/ Yoast SEO plugin. -->","yoast_head_json":{"title":"H\u00e9bergements et Tarifs | \"Au Pr\u00e9 du Lac\" - Camping *** \u00e0 Laffrey","description":"The Au Pr\u00e9 du Lac campsite offers accommodation: mobile home, chalet, hut or traditional pitch. Discover their comfort and price.","robots":{"index":"index","follow":"follow","max-snippet":"max-snippet:-1","max-image-preview":"max-image-preview:large","max-video-preview":"max-video-preview:-1"},"canonical":"https:\/\/www.aupredulac.eu\/en\/hebergements-tarifs\/","og_locale":"en_US","og_type":"article","og_title":"H\u00e9bergements et Tarifs | \"Au Pr\u00e9 du Lac\" - Camping *** \u00e0 Laffrey","og_description":"The Au Pr\u00e9 du Lac campsite offers accommodation: mobile home, chalet, hut or traditional pitch. Discover their comfort and price.","og_url":"https:\/\/www.aupredulac.eu\/en\/hebergements-tarifs\/","og_site_name":"Au pre du Lac - Camping","article_modified_time":"2025-12-09T15:09:38+00:00","og_image":[{"url":"https:\/\/www.aupredulac.eu\/wp-content\/uploads\/2018\/01\/anonyme-e1517395054739.png"}],"twitter_card":"summary_large_image","twitter_misc":{"Est. reading time":"15 minutes"},"schema":{"@context":"https:\/\/schema.org","@graph":[{"@type":"WebSite","@id":"https:\/\/www.aupredulac.eu\/#website","url":"https:\/\/www.aupredulac.eu\/","name":"Au pre du Lac - Camping","description":"","potentialAction":[{"@type":"SearchAction","target":{"@type":"EntryPoint","urlTemplate":"https:\/\/www.aupredulac.eu\/?s={search_term_string}"},"query-input":"required name=search_term_string"}],"inLanguage":"en-US"},{"@type":"WebPage","@id":"https:\/\/www.aupredulac.eu\/en\/hebergements-tarifs\/","url":"https:\/\/www.aupredulac.eu\/en\/hebergements-tarifs\/","name":"H\u00e9bergements et Tarifs | \"Au Pr\u00e9 du Lac\" - Camping *** \u00e0 Laffrey","isPartOf":{"@id":"https:\/\/www.aupredulac.eu\/#website"},"datePublished":"2018-01-08T12:58:46+00:00","dateModified":"2025-12-09T15:09:38+00:00","description":"The Au Pr\u00e9 du Lac campsite offers accommodation: mobile home, chalet, hut or traditional pitch. Discover their comfort and price.","breadcrumb":{"@id":"https:\/\/www.aupredulac.eu\/en\/hebergements-tarifs\/#breadcrumb"},"inLanguage":"en-US","potentialAction":[{"@type":"ReadAction","target":["https:\/\/www.aupredulac.eu\/en\/hebergements-tarifs\/"]}]},{"@type":"BreadcrumbList","@id":"https:\/\/www.aupredulac.eu\/en\/hebergements-tarifs\/#breadcrumb","itemListElement":[{"@type":"ListItem","position":1,"name":"Accueil","item":"https:\/\/www.aupredulac.eu\/en\/"},{"@type":"ListItem","position":2,"name":"Prices &#038; Accommodations (EN)"}]}]}},"_links":{"self":[{"href":"https:\/\/www.aupredulac.eu\/en\/wp-json\/wp\/v2\/pages\/3705"}],"collection":[{"href":"https:\/\/www.aupredulac.eu\/en\/wp-json\/wp\/v2\/pages"}],"about":[{"href":"https:\/\/www.aupredulac.eu\/en\/wp-json\/wp\/v2\/types\/page"}],"author":[{"embeddable":true,"href":"https:\/\/www.aupredulac.eu\/en\/wp-json\/wp\/v2\/users\/1"}],"replies":[{"embeddable":true,"href":"https:\/\/www.aupredulac.eu\/en\/wp-json\/wp\/v2\/comments?post=3705"}],"version-history":[{"count":60,"href":"https:\/\/www.aupredulac.eu\/en\/wp-json\/wp\/v2\/pages\/3705\/revisions"}],"predecessor-version":[{"id":14623,"href":"https:\/\/www.aupredulac.eu\/en\/wp-json\/wp\/v2\/pages\/3705\/revisions\/14623"}],"wp:attachment":[{"href":"https:\/\/www.aupredulac.eu\/en\/wp-json\/wp\/v2\/media?parent=3705"}],"curies":[{"name":"wp","href":"https:\/\/api.w.org\/{rel}","templated":true}]}}