{"id":3538,"date":"2018-02-01T09:59:39","date_gmt":"2018-02-01T08:59:39","guid":{"rendered":"http:\/\/www.aupredulac.eu\/camping-isere\/"},"modified":"2018-06-06T14:02:57","modified_gmt":"2018-06-06T12:02:57","slug":"camping-isere","status":"publish","type":"page","link":"https:\/\/www.aupredulac.eu\/en\/camping-isere\/","title":{"rendered":"Our Region (EN)"},"content":{"rendered":"<p>[vc_row full_width=&#8221;stretch_row&#8221; parallax=&#8221;content-moving&#8221; parallax_image=&#8221;2839&#8243; parallax_speed_bg=&#8221;2&#8243; el_id=&#8221;parallax&#8221;][vc_column][vc_empty_space height=&#8221;200px&#8221;][\/vc_column][\/vc_row][vc_row content_placement=&#8221;middle&#8221; css=&#8221;.vc_custom_1523628103696{margin-top: -80px !important;background-color: #61d007 !important;}&#8221; el_id=&#8221;resa&#8221;][vc_column width=&#8221;1\/2&#8243; css=&#8221;.vc_custom_1523623266330{padding-top: 25px !important;padding-right: 50px !important;padding-bottom: 25px !important;}&#8221;][vc_column_text el_id=&#8221;texteTop&#8221; css=&#8221;.vc_custom_1527690564740{margin-bottom: 0px !important;}&#8221;]<\/p>\n<p style=\"text-align: right;\"><strong>BOOK NOW<\/strong><\/p>\n<p>[\/vc_column_text][\/vc_column][vc_column width=&#8221;1\/2&#8243; css=&#8221;.vc_custom_1523623235128{margin-top: 0px !important;margin-bottom: 0px !important;padding-top: 25px !important;padding-right: 0px !important;padding-bottom: 25px !important;padding-left: 50px !important;}&#8221;][vc_column_text el_id=&#8221;btnTop&#8221; css=&#8221;.vc_custom_1527690595540{margin-bottom: 0px !important;}&#8221;]<a href=\"https:\/\/campingaupredulac.premium.secureholiday.net\/fr\/1766\/\"><span id=\"texte\">Let&#8217;s go !<\/span><span id=\"fleche\"><img src=\"https:\/\/www.aupredulac.eu\/wp-content\/uploads\/2018\/02\/arrow_right_white.png\" alt=\"fleche\" \/><\/span><\/a>[\/vc_column_text][\/vc_column][\/vc_row][vc_row el_id=&#8221;titre&#8221;][vc_column][vc_column_text el_class=&#8221;titreHome&#8221;]<\/p>\n<h1 style=\"text-align: center;\">Campsite in Isere<\/h1>\n<p>[\/vc_column_text][vc_separator color=&#8221;custom&#8221; border_width=&#8221;6&#8243; el_width=&#8221;10&#8243; accent_color=&#8221;#61d007&#8243;][\/vc_column][\/vc_row][vc_row full_width=&#8221;stretch_row&#8221; el_id=&#8221;head&#8221;][vc_column width=&#8221;1\/2&#8243;][vc_column_text]<\/p>\n<p class=\"h3\" style=\"text-align: center;\"><strong><a href=\"https:\/\/www.isere.fr\/\">THE ISERE DEPARTMENT,\u00a0<\/a>WHICH IS LOCATED IN THE SOUTH-EAST OF FRANCE, HAS A LARGE GEOGRAPHIC DIVERSITY TO SPEND UNFORGETTABLE HOLIDAYS.<\/strong><\/p>\n<p>[\/vc_column_text][\/vc_column][vc_column width=&#8221;1\/2&#8243;][vc_column_text]<\/p>\n<p style=\"text-align: center;\"><strong>WHATEVER IS THE SEASON, A LOT OF ACTIVITIES ARE PROPOSED TO SATISFY YOUR NEEDS, FOR ADULTS AND KIDS. THIS IS IMPOSSIBLE TO BE BORING IN ISERE!<\/strong><\/p>\n<p>[\/vc_column_text][\/vc_column][\/vc_row][vc_row el_id=&#8221;head-2&#8243;][vc_column width=&#8221;1\/6&#8243;][\/vc_column][vc_column width=&#8221;2\/3&#8243;][vc_column_text css=&#8221;.vc_custom_1527690902743{margin-bottom: 55px !important;}&#8221;]<\/p>\n<p style=\"text-align: center;\"><strong>THIS DEPARTMENT HAS AN IDEAL CLIMATE WITH 2000 HOURS OF SUNSHINE PER YEAR. THIS IS MORE THAN BORDEAUX OR TOULOUSE. IN FACT, IT\u2019S THE PERFECT ENVIRONMENT FOR NATURE LOVERS TO DISCOVER THE REGION.<\/strong><\/p>\n<p>[\/vc_column_text][\/vc_column][vc_column width=&#8221;1\/6&#8243;][\/vc_column][\/vc_row][vc_row full_width=&#8221;stretch_row&#8221; equal_height=&#8221;yes&#8221; content_placement=&#8221;middle&#8221; el_id=&#8221;RangerGalerie&#8221; css=&#8221;.vc_custom_1523356367086{background-color: #f0f0f1 !important;}&#8221;][vc_column width=&#8221;1\/6&#8243;][\/vc_column][vc_column width=&#8221;2\/3&#8243; css=&#8221;.vc_custom_1523356844642{padding-top: 0px !important;}&#8221;][vc_single_image image=&#8221;3173&#8243; img_size=&#8221;full&#8221; alignment=&#8221;center&#8221; css=&#8221;.vc_custom_1523356261574{margin-bottom: 0px !important;}&#8221;][\/vc_column][vc_column width=&#8221;1\/6&#8243;][\/vc_column][\/vc_row][vc_row full_width=&#8221;stretch_row&#8221; css=&#8221;.vc_custom_1523440980080{background-color: #ffffff !important;}&#8221; el_id=&#8221;isere-riche&#8221;][vc_column][vc_empty_space height=&#8221;5px&#8221;][vc_column_text]<\/p>\n<h2 style=\"text-align: center;\"><i>The rich natural heritage of Isere<\/i><\/h2>\n<p>[\/vc_column_text][vc_separator color=&#8221;custom&#8221; border_width=&#8221;6&#8243; el_width=&#8221;10&#8243; accent_color=&#8221;#61d007&#8243;][vc_empty_space height=&#8221;5px&#8221;][\/vc_column][\/vc_row][vc_row full_width=&#8221;stretch_row_content_no_spaces&#8221; equal_height=&#8221;yes&#8221; content_placement=&#8221;middle&#8221; el_id=&#8221;parc-naturel-rando&#8221;][vc_column css=&#8221;.vc_custom_1523370606642{padding-top: 0px !important;}&#8221;][vc_row_inner equal_height=&#8221;yes&#8221; content_placement=&#8221;middle&#8221;][vc_column_inner width=&#8221;1\/4&#8243;][vc_single_image image=&#8221;3191&#8243; img_size=&#8221;full&#8221; alignment=&#8221;center&#8221; css=&#8221;.vc_custom_1523441038351{margin-bottom: 0px !important;}&#8221;][\/vc_column_inner][vc_column_inner width=&#8221;1\/4&#8243;][vc_column_text]<\/p>\n<h3>Natural Parks<\/h3>\n<p>[\/vc_column_text][vc_column_text]Composed of 3 natural parks:<\/p>\n<p><a href=\"http:\/\/www.parc-chartreuse.net\/\">The natural regional park of Chartreuse<\/a>,<a href=\"http:\/\/parc-du-vercors.fr\/fr_FR\/index.php\">The natural regional park of Vercors\u00a0<\/a>and\u00a0<a href=\"http:\/\/www.ecrins-parcnational.fr\/\">The natural regional park of the Ecrins.<\/a>\u00a0The region of Isere is an ideal destination for the nature lovers.<\/p>\n<p><a href=\"https:\/\/www.aupredulac.eu\/camping-montagne-alpes\/\">Mountains<\/a>, hills, natural parks and\u00a0<a href=\"https:\/\/www.aupredulac.eu\/camping-lac-de-laffrey\/\">lakes<\/a>, there is nothing missing to spend nice and calm holidays.<\/p>\n<p>[\/vc_column_text][\/vc_column_inner][vc_column_inner width=&#8221;1\/4&#8243;][vc_single_image image=&#8221;3190&#8243; img_size=&#8221;full&#8221; alignment=&#8221;center&#8221; css=&#8221;.vc_custom_1523365641662{margin-bottom: 0px !important;}&#8221;][\/vc_column_inner][vc_column_inner width=&#8221;1\/4&#8243;][vc_column_text]<\/p>\n<h3>Mountains hikes<\/h3>\n<p>[\/vc_column_text][vc_column_text]Hundreds of kilometers of marked trails allow hikers to practice their favorite activity. With hiking shoes in summer and with snowshoes in winter, all paths are at the heart of the Isere nature. It is also possible to ride on mountain bike, on horse or even on the back of a donkey. An original way to discover this region!<\/p>\n<p>The hike of \u00abLa Pierre Perc\u00e9e\u00bb starts at our campsite in Is\u00e8re. You can admire this natural arch at 1220 meters above the sea level and have a breathtaking view of the Matheysin plateau.[\/vc_column_text][\/vc_column_inner][\/vc_row_inner][\/vc_column][\/vc_row][vc_row full_width=&#8221;stretch_row_content_no_spaces&#8221; equal_height=&#8221;yes&#8221; content_placement=&#8221;middle&#8221; el_id=&#8221;saut-passerelles&#8221;][vc_column][vc_row_inner equal_height=&#8221;yes&#8221; content_placement=&#8221;middle&#8221;][vc_column_inner width=&#8221;1\/4&#8243;][vc_single_image image=&#8221;3193&#8243; img_size=&#8221;full&#8221; alignment=&#8221;center&#8221; css=&#8221;.vc_custom_1523366906373{margin-bottom: 0px !important;}&#8221;][\/vc_column_inner][vc_column_inner width=&#8221;1\/4&#8243;][vc_column_text]<\/p>\n<h3>Paragliding Jump<\/h3>\n<p>[\/vc_column_text][vc_column_text]For thrill seekers, try a paragliding jump to fly over the area and have a magnificent view of the lakes and mountains. Takeoff airs are close to our campsite.[\/vc_column_text][\/vc_column_inner][vc_column_inner width=&#8221;1\/4&#8243;][vc_single_image image=&#8221;3192&#8243; img_size=&#8221;full&#8221; alignment=&#8221;center&#8221; css=&#8221;.vc_custom_1523366337577{margin-bottom: 0px !important;}&#8221;][\/vc_column_inner][vc_column_inner width=&#8221;1\/4&#8243;][vc_column_text]<\/p>\n<h3>Himalayan Footbridges<\/h3>\n<p>[\/vc_column_text][vc_column_text]Rich of their suspended bridges going up to 85 meters above the waters of the\u00a0<a href=\"http:\/\/www.lac-monteynard.com\/fr\/1-Accueil\">lake of Monteynard<\/a>, these atypical walks will show you the Isere as you have never seen it.[\/vc_column_text][\/vc_column_inner][\/vc_row_inner][\/vc_column][\/vc_row][vc_row full_width=&#8221;stretch_row_content_no_spaces&#8221; equal_height=&#8221;yes&#8221; content_placement=&#8221;middle&#8221; el_id=&#8221;camping-nautique&#8221;][vc_column][vc_row_inner equal_height=&#8221;yes&#8221; content_placement=&#8221;middle&#8221;][vc_column_inner width=&#8221;1\/4&#8243;][vc_single_image image=&#8221;3195&#8243; img_size=&#8221;full&#8221; alignment=&#8221;center&#8221; css=&#8221;.vc_custom_1523369652669{margin-bottom: 0px !important;}&#8221;][\/vc_column_inner][vc_column_inner width=&#8221;1\/4&#8243;][vc_column_text]<\/p>\n<h3>Family Activities<\/h3>\n<p>[\/vc_column_text][vc_column_text]Many activities are proposed to families, such as climbing and via ferrata, for example. Not far from our campsite, the Air Park welcomes you for a day of escape. Routes in the forest; the lake and the river provide a maximum of sensations in an ideal environment.[\/vc_column_text][\/vc_column_inner][vc_column_inner width=&#8221;1\/4&#8243;][vc_single_image image=&#8221;3194&#8243; img_size=&#8221;full&#8221; alignment=&#8221;center&#8221; css=&#8221;.vc_custom_1523368682088{margin-bottom: 0px !important;}&#8221;][\/vc_column_inner][vc_column_inner width=&#8221;1\/4&#8243;][vc_column_text]<\/p>\n<h3>Nautical activities<\/h3>\n<p>[\/vc_column_text][vc_column_text]Water sports lovers will also be delighted with its many lakes that make up Isere. From swimming to fishing and sailing, everything is possible! It\u2019s also possible to go scuba diving with a depth of almost 40 meters in the Laffrey Lake. The nautical base Cholonge is located next to our campsite and will welcome you and offer you the activity that suits you. Thanks to the natural water slides, carved by the water, practicing canyoning is possible! A nice and sporty day in a beautiful environment is waiting for you![\/vc_column_text][\/vc_column_inner][\/vc_row_inner][\/vc_column][\/vc_row][vc_row full_width=&#8221;stretch_row&#8221; css=&#8221;.vc_custom_1523429811945{background-color: #f0f0f1 !important;}&#8221; el_id=&#8221;villes-isere&#8221;][vc_column width=&#8221;1\/2&#8243;][vc_column_text]<\/p>\n<h2>The cities of Isere<\/h2>\n<p>[\/vc_column_text][vc_separator color=&#8221;custom&#8221; align=&#8221;align_left&#8221; border_width=&#8221;6&#8243; el_width=&#8221;10&#8243; accent_color=&#8221;#61d007&#8243;][vc_column_text]Grenoble (28 kilometers from our campsite in Isere) and Vienne are the two most famous cities of this department.<\/p>\n<p>More than 100 museums are open to discover all the cultural riches of this region.<\/p>\n<p>Cradle of the French Revolution, <a href=\"http:\/\/www.domaine-vizille.fr\/\">the castle of Vizille<\/a> shelters &#8220;the museum of the French revolution&#8221;.<\/p>\n<p>In the castle area, you will find a beautiful animal park where you can admire many animals such as deer, fallow deer, swans and ducks.<\/p>\n<p>For music lovers, festivals are staged in summer, like, for example, the\u00a0<a href=\"https:\/\/www.jazzavienne.com\/fr\">jazz festival<\/a> in Vienna in July.[\/vc_column_text][\/vc_column][vc_column width=&#8221;1\/2&#8243;][vc_single_image image=&#8221;3196&#8243; img_size=&#8221;full&#8221; alignment=&#8221;center&#8221;][\/vc_column][\/vc_row][vc_row full_width=&#8221;stretch_row&#8221; el_id=&#8221;ski-gustatif&#8221;][vc_column width=&#8221;1\/2&#8243;][vc_column_text]<\/p>\n<h3>Ski resorts<\/h3>\n<p>[\/vc_column_text][vc_separator color=&#8221;custom&#8221; align=&#8221;align_left&#8221; border_width=&#8221;6&#8243; el_width=&#8221;10&#8243; accent_color=&#8221;#61d007&#8243;][vc_column_text]Winter is also a good time to enjoy this region. Is\u00e8re is known for its famous ski resorts such as <a href=\"https:\/\/www.chamrousse.com\/\">Chamrousse<\/a>,\u00a0<a href=\"http:\/\/www.les2alpes.com\/fr\/\">les deux Alpes<\/a> and the <a href=\"https:\/\/www.alpedhuez.com\/\">Alpe d\u2019Huez<\/a>.<\/p>\n<p>For those who prefer to discover other sensations, these ski resorts also offer dog sled rides and snowshoeing, for everyone to find happiness!<\/p>\n<p>[\/vc_column_text][vc_empty_space height=&#8221;5px&#8221;][vc_column_text]<\/p>\n<h3>The region of Isere is also a taste trip<\/h3>\n<p>[\/vc_column_text][vc_separator color=&#8221;custom&#8221; align=&#8221;align_left&#8221; border_width=&#8221;6&#8243; el_width=&#8221;10&#8243; accent_color=&#8221;#61d007&#8243;][vc_column_text]At the corner of a picturesque village, the friendly atmosphere of a market will make you discover the gastronomy of Isere. Try the \u201cMurois pie\u201d or the donkey&#8217;s ears to awaken your taste buds at these local dishes. For sure, you will spend a good moment tasting your morning discoveries in front of one of our lakes.<\/p>\n<p>[\/vc_column_text][\/vc_column][vc_column width=&#8221;1\/2&#8243;][vc_single_image image=&#8221;3218&#8243; img_size=&#8221;full&#8221; alignment=&#8221;center&#8221;][\/vc_column][\/vc_row][vc_row full_width=&#8221;stretch_row&#8221; content_placement=&#8221;middle&#8221; css=&#8221;.vc_custom_1523629577197{background-color: #61d007 !important;}&#8221; el_id=&#8221;resa2&#8243;][vc_column width=&#8221;1\/2&#8243; css=&#8221;.vc_custom_1523897557130{padding-top: 25px !important;padding-bottom: 25px !important;}&#8221;][vc_column_text el_id=&#8221;texteTop2&#8243; css=&#8221;.vc_custom_1527954510887{margin-bottom: 0px !important;}&#8221;]<\/p>\n<p style=\"text-align: right;\"><strong>BOOK NOW<\/strong><\/p>\n<p>[\/vc_column_text][\/vc_column][vc_column width=&#8221;1\/2&#8243; css=&#8221;.vc_custom_1523897561975{margin-top: 0px !important;margin-bottom: 0px !important;padding-top: 25px !important;padding-right: 0px !important;padding-bottom: 25px !important;}&#8221;][vc_column_text el_id=&#8221;btnTop2&#8243; css=&#8221;.vc_custom_1527954458992{margin-bottom: 0px !important;}&#8221;]<a href=\"https:\/\/campingaupredulac.premium.secureholiday.net\/fr\/1766\/\"><span id=\"texte\">Let&#8217;s go !<\/span><span id=\"fleche\"><img src=\"https:\/\/www.aupredulac.eu\/wp-content\/uploads\/2018\/02\/arrow_right_white.png\" alt=\"fleche\" \/><\/span><\/a>[\/vc_column_text][\/vc_column][\/vc_row]<\/p>\n","protected":false},"excerpt":{"rendered":"<p>[vc_row full_width=&#8221;stretch_row&#8221; parallax=&#8221;content-moving&#8221; parallax_image=&#8221;2839&#8243; parallax_speed_bg=&#8221;2&#8243; el_id=&#8221;parallax&#8221;][vc_column][vc_empty_space height=&#8221;200px&#8221;][\/vc_column][\/vc_row][vc_row content_placement=&#8221;middle&#8221; css=&#8221;.vc_custom_1523628103696{margin-top: -80px !important;background-color: #61d007 !important;}&#8221; el_id=&#8221;resa&#8221;][vc_column width=&#8221;1\/2&#8243; css=&#8221;.vc_custom_1523623266330{padding-top: 25px !important;padding-right: 50px !important;padding-bottom: 25px !important;}&#8221;][vc_column_text el_id=&#8221;texteTop&#8221; css=&#8221;.vc_custom_1527690564740{margin-bottom: 0px !important;}&#8221;]<span class=\"excerpt-hellip\"> [\u2026]<\/span><\/p>\n","protected":false},"author":1,"featured_media":0,"parent":0,"menu_order":0,"comment_status":"closed","ping_status":"closed","template":"","meta":[],"yoast_head":"<!-- This site is optimized with the Yoast SEO plugin v19.4 - https:\/\/yoast.com\/wordpress\/plugins\/seo\/ -->\n<title>Camping Is\u00e8re - &quot;Au Pr\u00e9 du Lac&quot; - Camping *** \u00e0 Laffrey<\/title>\n<meta name=\"description\" content=\"Le camping Au Pr\u00e9 du Lac, camping en Is\u00e8re \u00e0 30 kilom\u00e8tes de Grenoble est l&#039;emplacement id\u00e9al pour allier ensoleillement et l\u00e9g\u00e9ret\u00e9 dans le massif du Taillefer.\" \/>\n<meta name=\"robots\" content=\"index, follow, max-snippet:-1, max-image-preview:large, max-video-preview:-1\" \/>\n<link rel=\"canonical\" href=\"https:\/\/www.aupredulac.eu\/en\/camping-isere\/\" \/>\n<meta property=\"og:locale\" content=\"en_US\" \/>\n<meta property=\"og:type\" content=\"article\" \/>\n<meta property=\"og:title\" content=\"Camping Is\u00e8re - &quot;Au Pr\u00e9 du Lac&quot; - Camping *** \u00e0 Laffrey\" \/>\n<meta property=\"og:description\" content=\"Le camping Au Pr\u00e9 du Lac, camping en Is\u00e8re \u00e0 30 kilom\u00e8tes de Grenoble est l&#039;emplacement id\u00e9al pour allier ensoleillement et l\u00e9g\u00e9ret\u00e9 dans le massif du Taillefer.\" \/>\n<meta property=\"og:url\" content=\"https:\/\/www.aupredulac.eu\/en\/camping-isere\/\" \/>\n<meta property=\"og:site_name\" content=\"Au pre du Lac - Camping\" \/>\n<meta property=\"article:modified_time\" content=\"2018-06-06T12:02:57+00:00\" \/>\n<meta property=\"og:image\" content=\"https:\/\/www.aupredulac.eu\/wp-content\/uploads\/2018\/02\/arrow_right_white.png\" \/>\n<meta name=\"twitter:card\" content=\"summary_large_image\" \/>\n<meta name=\"twitter:label1\" content=\"Est. reading time\" \/>\n\t<meta name=\"twitter:data1\" content=\"8 minutes\" \/>\n<script type=\"application\/ld+json\" class=\"yoast-schema-graph\">{\"@context\":\"https:\/\/schema.org\",\"@graph\":[{\"@type\":\"WebSite\",\"@id\":\"https:\/\/www.aupredulac.eu\/#website\",\"url\":\"https:\/\/www.aupredulac.eu\/\",\"name\":\"Au pre du Lac - Camping\",\"description\":\"\",\"potentialAction\":[{\"@type\":\"SearchAction\",\"target\":{\"@type\":\"EntryPoint\",\"urlTemplate\":\"https:\/\/www.aupredulac.eu\/?s={search_term_string}\"},\"query-input\":\"required name=search_term_string\"}],\"inLanguage\":\"en-US\"},{\"@type\":\"WebPage\",\"@id\":\"https:\/\/www.aupredulac.eu\/en\/camping-isere\/\",\"url\":\"https:\/\/www.aupredulac.eu\/en\/camping-isere\/\",\"name\":\"Camping Is\u00e8re - \\\"Au Pr\u00e9 du Lac\\\" - Camping *** \u00e0 Laffrey\",\"isPartOf\":{\"@id\":\"https:\/\/www.aupredulac.eu\/#website\"},\"datePublished\":\"2018-02-01T08:59:39+00:00\",\"dateModified\":\"2018-06-06T12:02:57+00:00\",\"description\":\"Le camping Au Pr\u00e9 du Lac, camping en Is\u00e8re \u00e0 30 kilom\u00e8tes de Grenoble est l'emplacement id\u00e9al pour allier ensoleillement et l\u00e9g\u00e9ret\u00e9 dans le massif du Taillefer.\",\"breadcrumb\":{\"@id\":\"https:\/\/www.aupredulac.eu\/en\/camping-isere\/#breadcrumb\"},\"inLanguage\":\"en-US\",\"potentialAction\":[{\"@type\":\"ReadAction\",\"target\":[\"https:\/\/www.aupredulac.eu\/en\/camping-isere\/\"]}]},{\"@type\":\"BreadcrumbList\",\"@id\":\"https:\/\/www.aupredulac.eu\/en\/camping-isere\/#breadcrumb\",\"itemListElement\":[{\"@type\":\"ListItem\",\"position\":1,\"name\":\"Accueil\",\"item\":\"https:\/\/www.aupredulac.eu\/en\/\"},{\"@type\":\"ListItem\",\"position\":2,\"name\":\"Our Region (EN)\"}]}]}<\/script>\n<!-- \/ Yoast SEO plugin. -->","yoast_head_json":{"title":"Camping Is\u00e8re - \"Au Pr\u00e9 du Lac\" - Camping *** \u00e0 Laffrey","description":"Le camping Au Pr\u00e9 du Lac, camping en Is\u00e8re \u00e0 30 kilom\u00e8tes de Grenoble est l'emplacement id\u00e9al pour allier ensoleillement et l\u00e9g\u00e9ret\u00e9 dans le massif du Taillefer.","robots":{"index":"index","follow":"follow","max-snippet":"max-snippet:-1","max-image-preview":"max-image-preview:large","max-video-preview":"max-video-preview:-1"},"canonical":"https:\/\/www.aupredulac.eu\/en\/camping-isere\/","og_locale":"en_US","og_type":"article","og_title":"Camping Is\u00e8re - \"Au Pr\u00e9 du Lac\" - Camping *** \u00e0 Laffrey","og_description":"Le camping Au Pr\u00e9 du Lac, camping en Is\u00e8re \u00e0 30 kilom\u00e8tes de Grenoble est l'emplacement id\u00e9al pour allier ensoleillement et l\u00e9g\u00e9ret\u00e9 dans le massif du Taillefer.","og_url":"https:\/\/www.aupredulac.eu\/en\/camping-isere\/","og_site_name":"Au pre du Lac - Camping","article_modified_time":"2018-06-06T12:02:57+00:00","og_image":[{"url":"https:\/\/www.aupredulac.eu\/wp-content\/uploads\/2018\/02\/arrow_right_white.png"}],"twitter_card":"summary_large_image","twitter_misc":{"Est. reading time":"8 minutes"},"schema":{"@context":"https:\/\/schema.org","@graph":[{"@type":"WebSite","@id":"https:\/\/www.aupredulac.eu\/#website","url":"https:\/\/www.aupredulac.eu\/","name":"Au pre du Lac - Camping","description":"","potentialAction":[{"@type":"SearchAction","target":{"@type":"EntryPoint","urlTemplate":"https:\/\/www.aupredulac.eu\/?s={search_term_string}"},"query-input":"required name=search_term_string"}],"inLanguage":"en-US"},{"@type":"WebPage","@id":"https:\/\/www.aupredulac.eu\/en\/camping-isere\/","url":"https:\/\/www.aupredulac.eu\/en\/camping-isere\/","name":"Camping Is\u00e8re - \"Au Pr\u00e9 du Lac\" - Camping *** \u00e0 Laffrey","isPartOf":{"@id":"https:\/\/www.aupredulac.eu\/#website"},"datePublished":"2018-02-01T08:59:39+00:00","dateModified":"2018-06-06T12:02:57+00:00","description":"Le camping Au Pr\u00e9 du Lac, camping en Is\u00e8re \u00e0 30 kilom\u00e8tes de Grenoble est l'emplacement id\u00e9al pour allier ensoleillement et l\u00e9g\u00e9ret\u00e9 dans le massif du Taillefer.","breadcrumb":{"@id":"https:\/\/www.aupredulac.eu\/en\/camping-isere\/#breadcrumb"},"inLanguage":"en-US","potentialAction":[{"@type":"ReadAction","target":["https:\/\/www.aupredulac.eu\/en\/camping-isere\/"]}]},{"@type":"BreadcrumbList","@id":"https:\/\/www.aupredulac.eu\/en\/camping-isere\/#breadcrumb","itemListElement":[{"@type":"ListItem","position":1,"name":"Accueil","item":"https:\/\/www.aupredulac.eu\/en\/"},{"@type":"ListItem","position":2,"name":"Our Region (EN)"}]}]}},"_links":{"self":[{"href":"https:\/\/www.aupredulac.eu\/en\/wp-json\/wp\/v2\/pages\/3538"}],"collection":[{"href":"https:\/\/www.aupredulac.eu\/en\/wp-json\/wp\/v2\/pages"}],"about":[{"href":"https:\/\/www.aupredulac.eu\/en\/wp-json\/wp\/v2\/types\/page"}],"author":[{"embeddable":true,"href":"https:\/\/www.aupredulac.eu\/en\/wp-json\/wp\/v2\/users\/1"}],"replies":[{"embeddable":true,"href":"https:\/\/www.aupredulac.eu\/en\/wp-json\/wp\/v2\/comments?post=3538"}],"version-history":[{"count":5,"href":"https:\/\/www.aupredulac.eu\/en\/wp-json\/wp\/v2\/pages\/3538\/revisions"}],"predecessor-version":[{"id":4349,"href":"https:\/\/www.aupredulac.eu\/en\/wp-json\/wp\/v2\/pages\/3538\/revisions\/4349"}],"wp:attachment":[{"href":"https:\/\/www.aupredulac.eu\/en\/wp-json\/wp\/v2\/media?parent=3538"}],"curies":[{"name":"wp","href":"https:\/\/api.w.org\/{rel}","templated":true}]}}