{"id":3342,"date":"2018-01-08T14:03:53","date_gmt":"2018-01-08T13:03:53","guid":{"rendered":"http:\/\/www.aupredulac.eu\/chalet-gite-3-chambres\/"},"modified":"2025-12-09T13:40:33","modified_gmt":"2025-12-09T12:40:33","slug":"chalet-gite-3-chambres","status":"publish","type":"page","link":"https:\/\/www.aupredulac.eu\/en\/chalet-gite-3-chambres\/","title":{"rendered":"3 bedrooms Cottage Chalet (EN)"},"content":{"rendered":"<p>[vc_row equal_height=&#8221;yes&#8221;][vc_column width=&#8221;2\/3&#8243; el_id=&#8221;Slider1&#8243;][rev_slider_vc alias=&#8221;chaletgite&#8221;][\/vc_column][vc_column css_animation=&#8221;slideInRight&#8221; width=&#8221;1\/3&#8243; el_id=&#8221;Bloc1&#8243;][vc_wp_custommenu nav_menu=&#8221;7&#8243; el_class=&#8221;menuDroiteHebergement&#8221;][\/vc_column][\/vc_row][vc_row][vc_column][vc_separator color=&#8221;custom&#8221; accent_color=&#8221;#61d007&#8243;][\/vc_column][\/vc_row][vc_row el_class=&#8221;documents-dl&#8221;][vc_column width=&#8221;2\/3&#8243;][vc_column_text]<\/p>\n<h3>Fournitures<\/h3>\n<p>[\/vc_column_text][vc_row_inner][vc_column_inner width=&#8221;1\/2&#8243; el_id=&#8221;Liste1&#8243;][vc_column_text el_class=&#8221;listeHebergement&#8221;]<\/p>\n<ul>\n<li>1 Canap\u00e9 convertible<\/li>\n<li>1 Canap\u00e9<\/li>\n<li>2 WC<\/li>\n<li>4 feux de cuisson au gaz<\/li>\n<li>\u00c9ponge<\/li>\n<li>torchon a vaisselle<\/li>\n<\/ul>\n<p>[\/vc_column_text][\/vc_column_inner][vc_column_inner width=&#8221;1\/2&#8243; el_id=&#8221;Liste2&#8243;][vc_column_text el_class=&#8221;listeHebergement&#8221;]<\/p>\n<ul>\n<li>6 lits (80\u00d7190)<\/li>\n<li>8 chaises<\/li>\n<li>Salle de bain douche<\/li>\n<li>Salle de Bain baignoire<\/li>\n<li>1 R\u00e9frig\u00e9rateur\/Cong\u00e9lateur<\/li>\n<li>1 micro-onde<\/li>\n<li>Four<\/li>\n<li>cafeti\u00e8re<\/li>\n<li>Tassimo<\/li>\n<li>lave vaisselle<\/li>\n<li>TV<\/li>\n<li>lave linge<\/li>\n<li>Salon de jardin<\/li>\n<li>Parking<\/li>\n<li>couettes et oreillers<\/li>\n<\/ul>\n<p>[\/vc_column_text][\/vc_column_inner][\/vc_row_inner][\/vc_column][vc_column css_animation=&#8221;slideInRight&#8221; width=&#8221;1\/3&#8243; css=&#8221;.vc_custom_1523456861442{background-color: #f0f0f1 !important;}&#8221; el_id=&#8221;Reservation&#8221;][vc_btn title=&#8221;R\u00e9server&#8221; color=&#8221;warning&#8221; align=&#8221;center&#8221; css_animation=&#8221;none&#8221; button_block=&#8221;true&#8221; link=&#8221;url:https%3A%2F%2Fbookingpremium.secureholiday.net%2Ffr%2F1766%2F|target:%20_blank|&#8221; el_class=&#8221;btn-reserver&#8221;][vc_column_text]<\/p>\n<h3 style=\"text-align: center;\">DOCUMENTS \u00c0 T\u00c9L\u00c9CHARGER<\/h3>\n<p>[\/vc_column_text][vc_btn title=&#8221;R\u00e8glement&#8221; color=&#8221;warning&#8221; align=&#8221;center&#8221; button_block=&#8221;true&#8221; link=&#8221;url:%2Fwp-content%2Fuploads%2F2018%2F01%2Freglement_terrains_de_camping.pdf|target:%20_blank|&#8221;][vc_btn title=&#8221;Conditions g\u00e9n\u00e9rales de ventes&#8221; color=&#8221;warning&#8221; align=&#8221;center&#8221; button_block=&#8221;true&#8221; link=&#8221;url:%2Fwp-content%2Fuploads%2F2018%2F01%2Freglement_terrains_de_camping.pdf|target:%20_blank|&#8221;][\/vc_column][\/vc_row][vc_row][vc_column][vc_separator color=&#8221;custom&#8221; accent_color=&#8221;#61d007&#8243;][vc_column_text css=&#8221;.vc_custom_1765283993792{margin-top: 100px !important;}&#8221;]<\/p>\n<h3 class=\"tablepress-table-name tablepress-table-name-id-22\">Tarifs Chalet g\u00eete 3 Chambres 6\/8 Personnes<\/h3>\n<p>Basse saison\u00a0 \u00a0 \u00a0 \u00a0 01\/05\/26 au \/07\/26 et 08\/09\/26 au 05\/10\/26<\/p>\n<p>Moyenne saison 27\/06\/26 au 10\/07\/26 et 17\/08\/26 au 28\/08\/26<\/p>\n<p>Haute saison du 11\/07\/25 au 16\/08\/26[\/vc_column_text][vc_raw_html]JTNDZGl2JTIwc3R5bGUlM0QlMjJvdmVyZmxvdy14JTNBYXV0byUzQiUyMiUzRSUwQSUwOSUzQ3RhYmxlJTIwY2xhc3MlM0QlMjJ0YWJsZUhlYmVyZ2VtZW50JTIyJTNFJTBBJTA5JTA5JTNDdHIlM0UlMEElMDklMDklMDklM0N0aCUzRXNhaXNvbiUzQyUyRnRoJTNFJTBBJTA5JTA5JTA5JTNDdGglM0UyJTIwbnVpdHMlM0MlMkZ0aCUzRSUwQSUwOSUwOSUwOSUzQ3RoJTNFMyUyMG51aXRzJTNDJTJGdGglM0UlMEElMDklMDklMDklM0N0aCUzRTQlMjBudWl0cyUzQyUyRnRoJTNFJTBBJTA5JTA5JTA5JTNDdGglM0U1JTIwbnVpdHMlM0MlMkZ0aCUzRSUwQSUwOSUwOSUwOSUzQ3RoJTNFNiUyMG51aXRzJTNDJTJGdGglM0UlMEElMDklMDklMDklM0N0aCUzRVNlbWFpbmUlM0MlMkZ0aCUzRSUwQSUwOSUwOSUzQyUyRnRyJTNFJTBBJTA5JTA5JTNDdHIlM0UlMEElMDklMDklMDklM0N0ZCUzRUJhc3NlJTNDJTJGdGQlM0UlMEElMDklMDklMEElMDklMDklMDklM0N0ZCUzRTMyMCVFMiU4MiVBQyUzQyUyRnRkJTNFJTBBJTA5JTA5JTA5JTNDdGQlM0UzNjAlRTIlODIlQUMlM0MlMkZ0ZCUzRSUwQSUwOSUwOSUwOSUzQ3RkJTNFNDI1JUUyJTgyJUFDJTNDJTJGdGQlM0UlMEElMDklMDklMDklM0N0ZCUzRTQ4NSVFMiU4MiVBQyUzQyUyRnRkJTNFJTBBJTA5JTA5JTA5JTNDdGQlM0U1NTAlRTIlODIlQUMlM0MlMkZ0ZCUzRSUwQSUwOSUwOSUwOSUzQ3RkJTNFNjIwJUUyJTgyJUFDJTNDJTJGdGQlM0UlMEElMDklMDklM0MlMkZ0ciUzRSUwQSUwOSUwOSUzQ3RyJTNFJTBBJTA5JTA5JTA5JTNDdGQlM0VIYXV0ZSUzQyUyRnRkJTNFJTBBJTA5JTA5JTA5JTNDdGQlM0VYJTNDJTJGdGQlM0UlMEElMDklMDklMDklM0N0ZCUzRVglM0MlMkZ0ZCUzRSUwQSUwOSUwOSUwOSUzQ3RkJTNFWCUzQyUyRnRkJTNFJTBBJTA5JTA5JTA5JTNDdGQlM0VYJTNDJTJGdGQlM0UlMEElMDklMDklMDklM0N0ZCUzRVglM0MlMkZ0ZCUzRSUwQSUwOSUwOSUwOSUzQ3RkJTNFMTE5MCVFMiU4MiVBQyUzQyUyRnRkJTNFJTBBJTA5JTA5JTNDJTJGdHIlM0UlMEElMDklM0MlMkZ0YWJsZSUzRSUwQSUzQyUyRmRpdiUzRQ==[\/vc_raw_html][\/vc_column][\/vc_row][vc_row][vc_column][vc_single_image image=&#8221;11736&#8243; img_size=&#8221;large&#8221; alignment=&#8221;center&#8221; onclick=&#8221;link_image&#8221; title=&#8221;Plan du camping&#8221;][\/vc_column][\/vc_row]<\/p>\n","protected":false},"excerpt":{"rendered":"<p>[vc_row equal_height=&#8221;yes&#8221;][vc_column width=&#8221;2\/3&#8243; el_id=&#8221;Slider1&#8243;][rev_slider_vc alias=&#8221;chaletgite&#8221;][\/vc_column][vc_column css_animation=&#8221;slideInRight&#8221; width=&#8221;1\/3&#8243; el_id=&#8221;Bloc1&#8243;][vc_wp_custommenu nav_menu=&#8221;7&#8243; el_class=&#8221;menuDroiteHebergement&#8221;][\/vc_column][\/vc_row][vc_row][vc_column][vc_separator color=&#8221;custom&#8221; accent_color=&#8221;#61d007&#8243;][\/vc_column][\/vc_row][vc_row el_class=&#8221;documents-dl&#8221;][vc_column width=&#8221;2\/3&#8243;][vc_column_text] Fournitures [\/vc_column_text][vc_row_inner][vc_column_inner width=&#8221;1\/2&#8243; el_id=&#8221;Liste1&#8243;][vc_column_text el_class=&#8221;listeHebergement&#8221;] 1 Canap\u00e9 convertible 1 Canap\u00e9 2 WC<span class=\"excerpt-hellip\"> [\u2026]<\/span><\/p>\n","protected":false},"author":1,"featured_media":0,"parent":0,"menu_order":0,"comment_status":"closed","ping_status":"closed","template":"","meta":[],"yoast_head":"<!-- This site is optimized with the Yoast SEO plugin v19.4 - https:\/\/yoast.com\/wordpress\/plugins\/seo\/ -->\n<title>3 bedrooms Cottage Chalet (EN) - Au pre du Lac - Camping<\/title>\n<meta name=\"description\" content=\"For holidays for large families or groups, Au Pr\u00e9 du Lac offers a fully equipped cottage, 3 bedrooms 2 bathrooms up to 8 people.\" \/>\n<meta name=\"robots\" content=\"index, follow, max-snippet:-1, max-image-preview:large, max-video-preview:-1\" \/>\n<link rel=\"canonical\" href=\"https:\/\/www.aupredulac.eu\/en\/chalet-gite-3-chambres\/\" \/>\n<meta property=\"og:locale\" content=\"en_US\" \/>\n<meta property=\"og:type\" content=\"article\" \/>\n<meta property=\"og:title\" content=\"3 bedrooms Cottage Chalet (EN) - Au pre du Lac - Camping\" \/>\n<meta property=\"og:description\" content=\"For holidays for large families or groups, Au Pr\u00e9 du Lac offers a fully equipped cottage, 3 bedrooms 2 bathrooms up to 8 people.\" \/>\n<meta property=\"og:url\" content=\"https:\/\/www.aupredulac.eu\/en\/chalet-gite-3-chambres\/\" \/>\n<meta property=\"og:site_name\" content=\"Au pre du Lac - Camping\" \/>\n<meta property=\"article:modified_time\" content=\"2025-12-09T12:40:33+00:00\" \/>\n<meta name=\"twitter:card\" content=\"summary_large_image\" \/>\n<meta name=\"twitter:label1\" content=\"Est. reading time\" \/>\n\t<meta name=\"twitter:data1\" content=\"1 minute\" \/>\n<script type=\"application\/ld+json\" class=\"yoast-schema-graph\">{\"@context\":\"https:\/\/schema.org\",\"@graph\":[{\"@type\":\"WebSite\",\"@id\":\"https:\/\/www.aupredulac.eu\/#website\",\"url\":\"https:\/\/www.aupredulac.eu\/\",\"name\":\"Au pre du Lac - Camping\",\"description\":\"\",\"potentialAction\":[{\"@type\":\"SearchAction\",\"target\":{\"@type\":\"EntryPoint\",\"urlTemplate\":\"https:\/\/www.aupredulac.eu\/?s={search_term_string}\"},\"query-input\":\"required name=search_term_string\"}],\"inLanguage\":\"en-US\"},{\"@type\":\"WebPage\",\"@id\":\"https:\/\/www.aupredulac.eu\/en\/chalet-gite-3-chambres\/\",\"url\":\"https:\/\/www.aupredulac.eu\/en\/chalet-gite-3-chambres\/\",\"name\":\"3 bedrooms Cottage Chalet (EN) - Au pre du Lac - Camping\",\"isPartOf\":{\"@id\":\"https:\/\/www.aupredulac.eu\/#website\"},\"datePublished\":\"2018-01-08T13:03:53+00:00\",\"dateModified\":\"2025-12-09T12:40:33+00:00\",\"description\":\"For holidays for large families or groups, Au Pr\u00e9 du Lac offers a fully equipped cottage, 3 bedrooms 2 bathrooms up to 8 people.\",\"breadcrumb\":{\"@id\":\"https:\/\/www.aupredulac.eu\/en\/chalet-gite-3-chambres\/#breadcrumb\"},\"inLanguage\":\"en-US\",\"potentialAction\":[{\"@type\":\"ReadAction\",\"target\":[\"https:\/\/www.aupredulac.eu\/en\/chalet-gite-3-chambres\/\"]}]},{\"@type\":\"BreadcrumbList\",\"@id\":\"https:\/\/www.aupredulac.eu\/en\/chalet-gite-3-chambres\/#breadcrumb\",\"itemListElement\":[{\"@type\":\"ListItem\",\"position\":1,\"name\":\"Accueil\",\"item\":\"https:\/\/www.aupredulac.eu\/en\/\"},{\"@type\":\"ListItem\",\"position\":2,\"name\":\"3 bedrooms Cottage Chalet (EN)\"}]}]}<\/script>\n<!-- \/ Yoast SEO plugin. -->","yoast_head_json":{"title":"3 bedrooms Cottage Chalet (EN) - Au pre du Lac - Camping","description":"For holidays for large families or groups, Au Pr\u00e9 du Lac offers a fully equipped cottage, 3 bedrooms 2 bathrooms up to 8 people.","robots":{"index":"index","follow":"follow","max-snippet":"max-snippet:-1","max-image-preview":"max-image-preview:large","max-video-preview":"max-video-preview:-1"},"canonical":"https:\/\/www.aupredulac.eu\/en\/chalet-gite-3-chambres\/","og_locale":"en_US","og_type":"article","og_title":"3 bedrooms Cottage Chalet (EN) - Au pre du Lac - Camping","og_description":"For holidays for large families or groups, Au Pr\u00e9 du Lac offers a fully equipped cottage, 3 bedrooms 2 bathrooms up to 8 people.","og_url":"https:\/\/www.aupredulac.eu\/en\/chalet-gite-3-chambres\/","og_site_name":"Au pre du Lac - Camping","article_modified_time":"2025-12-09T12:40:33+00:00","twitter_card":"summary_large_image","twitter_misc":{"Est. reading time":"1 minute"},"schema":{"@context":"https:\/\/schema.org","@graph":[{"@type":"WebSite","@id":"https:\/\/www.aupredulac.eu\/#website","url":"https:\/\/www.aupredulac.eu\/","name":"Au pre du Lac - Camping","description":"","potentialAction":[{"@type":"SearchAction","target":{"@type":"EntryPoint","urlTemplate":"https:\/\/www.aupredulac.eu\/?s={search_term_string}"},"query-input":"required name=search_term_string"}],"inLanguage":"en-US"},{"@type":"WebPage","@id":"https:\/\/www.aupredulac.eu\/en\/chalet-gite-3-chambres\/","url":"https:\/\/www.aupredulac.eu\/en\/chalet-gite-3-chambres\/","name":"3 bedrooms Cottage Chalet (EN) - Au pre du Lac - Camping","isPartOf":{"@id":"https:\/\/www.aupredulac.eu\/#website"},"datePublished":"2018-01-08T13:03:53+00:00","dateModified":"2025-12-09T12:40:33+00:00","description":"For holidays for large families or groups, Au Pr\u00e9 du Lac offers a fully equipped cottage, 3 bedrooms 2 bathrooms up to 8 people.","breadcrumb":{"@id":"https:\/\/www.aupredulac.eu\/en\/chalet-gite-3-chambres\/#breadcrumb"},"inLanguage":"en-US","potentialAction":[{"@type":"ReadAction","target":["https:\/\/www.aupredulac.eu\/en\/chalet-gite-3-chambres\/"]}]},{"@type":"BreadcrumbList","@id":"https:\/\/www.aupredulac.eu\/en\/chalet-gite-3-chambres\/#breadcrumb","itemListElement":[{"@type":"ListItem","position":1,"name":"Accueil","item":"https:\/\/www.aupredulac.eu\/en\/"},{"@type":"ListItem","position":2,"name":"3 bedrooms Cottage Chalet (EN)"}]}]}},"_links":{"self":[{"href":"https:\/\/www.aupredulac.eu\/en\/wp-json\/wp\/v2\/pages\/3342"}],"collection":[{"href":"https:\/\/www.aupredulac.eu\/en\/wp-json\/wp\/v2\/pages"}],"about":[{"href":"https:\/\/www.aupredulac.eu\/en\/wp-json\/wp\/v2\/types\/page"}],"author":[{"embeddable":true,"href":"https:\/\/www.aupredulac.eu\/en\/wp-json\/wp\/v2\/users\/1"}],"replies":[{"embeddable":true,"href":"https:\/\/www.aupredulac.eu\/en\/wp-json\/wp\/v2\/comments?post=3342"}],"version-history":[{"count":27,"href":"https:\/\/www.aupredulac.eu\/en\/wp-json\/wp\/v2\/pages\/3342\/revisions"}],"predecessor-version":[{"id":14497,"href":"https:\/\/www.aupredulac.eu\/en\/wp-json\/wp\/v2\/pages\/3342\/revisions\/14497"}],"wp:attachment":[{"href":"https:\/\/www.aupredulac.eu\/en\/wp-json\/wp\/v2\/media?parent=3342"}],"curies":[{"name":"wp","href":"https:\/\/api.w.org\/{rel}","templated":true}]}}