{"id":3336,"date":"2018-01-08T14:02:38","date_gmt":"2018-01-08T13:02:38","guid":{"rendered":"http:\/\/www.aupredulac.eu\/chalet-2-chambres\/"},"modified":"2025-12-09T13:27:01","modified_gmt":"2025-12-09T12:27:01","slug":"chalet-2-chambres","status":"publish","type":"page","link":"https:\/\/www.aupredulac.eu\/en\/chalet-2-chambres\/","title":{"rendered":"2 bedrooms Chalet  (EN)"},"content":{"rendered":"<p>[vc_row equal_height=&#8221;yes&#8221;][vc_column width=&#8221;2\/3&#8243; el_id=&#8221;Slider1&#8243;][rev_slider_vc alias=&#8221;chalet2Chambres&#8221;][\/vc_column][vc_column css_animation=&#8221;slideInRight&#8221; width=&#8221;1\/3&#8243; el_id=&#8221;Bloc1&#8243;][vc_wp_custommenu nav_menu=&#8221;7&#8243; el_class=&#8221;menuDroiteHebergement&#8221;][\/vc_column][\/vc_row][vc_row][vc_column][vc_separator color=&#8221;custom&#8221; accent_color=&#8221;#61d007&#8243;][\/vc_column][\/vc_row][vc_row el_class=&#8221;documents-dl&#8221;][vc_column width=&#8221;2\/3&#8243;][vc_column_text]<\/p>\n<h3 style=\"text-align: left;\">Fournitures<\/h3>\n<p>[\/vc_column_text][vc_row_inner][vc_column_inner width=&#8221;1\/2&#8243; el_id=&#8221;Liste1&#8243;][vc_column_text el_class=&#8221;listeHebergement&#8221;]<\/p>\n<ul>\n<li>1 lit (140\u00d7190)<\/li>\n<li>Canap\u00e9<\/li>\n<li>1 WC<\/li>\n<li>Micro onde<\/li>\n<li>R\u00e9frig\u00e9rateur<\/li>\n<li>1 salon de jardin<\/li>\n<li>Parking<\/li>\n<\/ul>\n<div id=\"gtx-trans\" style=\"position: absolute; left: -36px; top: 134px;\">\n<div class=\"gtx-trans-icon\"><\/div>\n<\/div>\n<p>[\/vc_column_text][\/vc_column_inner][vc_column_inner width=&#8221;1\/2&#8243; el_id=&#8221;Liste2&#8243;][vc_column_text el_class=&#8221;listeHebergement&#8221;]<\/p>\n<ul>\n<li>2 lits (80\u00d7190)<\/li>\n<li>Salle de bain douche<\/li>\n<li>4 chaises<\/li>\n<li>4 feux cuisson gaz<\/li>\n<li>Vaisselles<\/li>\n<li>\u00c9tendoir \u00e0 linge<\/li>\n<li>Balais<\/li>\n<li>serpilli\u00e8re<\/li>\n<li>Torchon a vaisselle<\/li>\n<li>couettes et oreillers<\/li>\n<\/ul>\n<p>[\/vc_column_text][\/vc_column_inner][\/vc_row_inner][\/vc_column][vc_column css_animation=&#8221;slideInRight&#8221; width=&#8221;1\/3&#8243; css=&#8221;.vc_custom_1523456685136{background-color: #f0f0f1 !important;}&#8221; el_id=&#8221;Reservation&#8221;][vc_btn title=&#8221;R\u00e9server&#8221; color=&#8221;warning&#8221; align=&#8221;center&#8221; css_animation=&#8221;none&#8221; button_block=&#8221;true&#8221; link=&#8221;url:https%3A%2F%2Fbookingpremium.secureholiday.net%2Ffr%2F1766%2F|target:%20_blank|&#8221; el_class=&#8221;btn-reserver&#8221;][vc_column_text]<\/p>\n<h3 style=\"text-align: center;\">DOCUMENTS \u00c0 T\u00c9L\u00c9CHARGER<\/h3>\n<p>[\/vc_column_text][vc_btn title=&#8221;R\u00e8glement&#8221; color=&#8221;warning&#8221; align=&#8221;center&#8221; button_block=&#8221;true&#8221; link=&#8221;url:%2Fwp-content%2Fuploads%2F2018%2F01%2Freglement_terrains_de_camping.pdf|target:%20_blank|&#8221;][vc_btn title=&#8221;Condititons g\u00e9n\u00e9rales de ventes&#8221; color=&#8221;warning&#8221; align=&#8221;center&#8221; button_block=&#8221;true&#8221; link=&#8221;url:%2Fwp-content%2Fuploads%2F2018%2F01%2Fconditiondeventefr.pdf|target:%20_blank|&#8221;][\/vc_column][\/vc_row][vc_row][vc_column][vc_separator color=&#8221;custom&#8221; accent_color=&#8221;#61d007&#8243;][vc_column_text css=&#8221;.vc_custom_1765282629843{margin-top: 100px !important;}&#8221;]<\/p>\n<h3 class=\"tablepress-table-name tablepress-table-name-id-21\">Tarifs Chalet 2 chambres 4 personnes<\/h3>\n<p>Basse saison\u00a0 \u00a0 \u00a0 \u00a0 01\/05\/26 au 26\/06\/26 et 29\/08\/26 au 04\/10\/26<\/p>\n<p>Moyenne saison 27\/06\/26 au 10\/07\/26 et 17\/08\/26 au 28\/08\/26<\/p>\n<p>Haute saison du\u00a0 11\/07\/26 au 16\/08\/26[\/vc_column_text][vc_raw_html]JTNDZGl2JTIwc3R5bGUlM0QlMjJvdmVyZmxvdy14JTNBYXV0byUzQiUyMiUzRSUwQSUwOSUzQ3RhYmxlJTIwY2xhc3MlM0QlMjJ0YWJsZUhlYmVyZ2VtZW50JTIyJTNFJTBBJTA5JTA5JTNDdHIlM0UlMEElMDklMDklMDklM0N0aCUzRVNhaXNvbiUzQyUyRnRoJTNFJTBBJTA5JTA5JTA5JTNDdGglM0UyJTIwbnVpdHMlM0MlMkZ0aCUzRSUwQSUwOSUwOSUwOSUzQ3RoJTNFMyUyMG51aXRzJTNDJTJGdGglM0UlMEElMDklMDklMDklM0N0aCUzRTQlMjBudWl0cyUzQyUyRnRoJTNFJTBBJTA5JTA5JTA5JTNDdGglM0U1JTIwbnVpdHMlM0MlMkZ0aCUzRSUwQSUwOSUwOSUwOSUzQ3RoJTNFNiUyMG51aXRzJTNDJTJGdGglM0UlMEElMDklMDklMDklM0N0aCUzRVNlbWFpbmUlM0MlMkZ0aCUzRSUwQSUwOSUwOSUzQyUyRnRyJTNFJTBBJTA5JTA5JTNDdHIlM0UlMEElMDklMDklMDklM0N0ZCUzRUJhc3NlJTNDJTJGdGQlM0UlMEElMDklMDklMDklM0N0ZCUzRTE3MCVFMiU4MiVBQyUzQyUyRnRkJTNFJTBBJTA5JTA5JTA5JTNDdGQlM0UyMjAlRTIlODIlQUMlM0MlMkZ0ZCUzRSUwQSUwOSUwOSUwOSUzQ3RkJTNFJTIwMjcwJUUyJTgyJUFDJTNDJTJGdGQlM0UlMEElMDklMDklMDklM0N0ZCUzRTMxMCVFMiU4MiVBQyUzQyUyRnRkJTNFJTBBJTA5JTA5JTA5JTNDdGQlM0UlMjAlMjAzNTAlRTIlODIlQUMlM0MlMkZ0ZCUzRSUwQSUwOSUwOSUwOSUzQ3RkJTNFNDAwJUUyJTgyJUFDJTNDJTJGdGQlM0UlMEElMEElMDklMDklMjAlMjAlMjAlMjAlMjAlMjAlMjAlMjAlM0MlMkZ0ciUzRU1veWVubmUlM0MlMkZ0ciUzRSUwQSUwOSUwOSUyMCUyMCUyMCUyMCUyMCUyMCUyMCUyMCUzQ3RyJTNFMTcwJTNDdHIlM0UlMEElMjAlMjAlMjAlMjAlMjAlMjAlMjAlMjAlMjAlMjAlMjAlMjAlMjAlMjAlMjAlMjAlMjAlMjAlMjAlMjAlMjAlMjAlMjAlMjAlM0N0ciUzRSUyMDI2MCUzQ3RyJTNFJTBBJTIwJTIwJTIwJTIwJTIwJTIwJTIwJTIwJTIwJTIwJTIwJTIwJTIwJTIwJTIwJTIwJTIwJTIwJTIwJTIwJTIwJTIwJTIwJTIwJTNDdHIlM0UlMjAlMjAzMzAlM0N0ciUzRSUwQSUyMCUyMCUyMCUyMCUyMCUyMCUyMCUyMCUyMCUyMCUyMCUyMCUyMCUyMCUyMCUyMCUyMCUyMCUyMCUyMCUyMCUyMCUyMCUyMCUyMCUzQ3RyJTNFJTIwMzk1JTNDdHIlM0UlMEElMjAlMjAlMjAlMjAlMjAlMjAlMjAlMjAlMjAlMjAlMjAlMjAlMjAlMjAlMjAlMjAlMjAlMjAlMjAlMjAlMjAlMjAlMjAlMjAlMjAlM0N0ciUzRSUyMDQ2NSUzQ3RyJTNFJTBBJTIwJTIwJTIwJTIwJTIwJTIwJTIwJTIwJTIwJTIwJTIwJTIwJTIwJTIwJTIwJTIwJTIwJTIwJTIwJTIwJTIwJTIwJTIwJTIwJTIwJTIwJTNDdHIlM0U1NTAlM0N0ciUzRSUwQSUwQSUwOSUwOSUwOSUzQ3RkJTNFSGF1dGUlM0MlMkZ0ZCUzRSUwQSUwOSUwOSUwOSUzQ3RkJTNFWCUzQyUyRnRkJTNFJTBBJTA5JTA5JTA5JTNDdGQlM0VYJTNDJTJGdGQlM0UlMEElMDklMDklMDklM0N0ZCUzRVglM0MlMkZ0ZCUzRSUwQSUwOSUwOSUwOSUzQ3RkJTNFWCUzQyUyRnRkJTNFJTBBJTA5JTA5JTA5JTNDdGQlM0VYJTNDJTJGdGQlM0UlMEElMDklMDklMDklM0N0ZCUzRTgwMCVFMiU4MiVBQyUzQyUyRnRkJTNFJTBBJTA5JTA5JTNDJTJGdHIlM0UlMEElMDklM0MlMkZ0YWJsZSUzRSUwQSUzQyUyRmRpdiUzRQ==[\/vc_raw_html][\/vc_column][\/vc_row][vc_row][vc_column][vc_single_image image=&#8221;11736&#8243; img_size=&#8221;large&#8221; alignment=&#8221;center&#8221; onclick=&#8221;link_image&#8221; title=&#8221;Plan du camping&#8221;][\/vc_column][\/vc_row]<\/p>\n","protected":false},"excerpt":{"rendered":"<p>[vc_row equal_height=&#8221;yes&#8221;][vc_column width=&#8221;2\/3&#8243; el_id=&#8221;Slider1&#8243;][rev_slider_vc alias=&#8221;chalet2Chambres&#8221;][\/vc_column][vc_column css_animation=&#8221;slideInRight&#8221; width=&#8221;1\/3&#8243; el_id=&#8221;Bloc1&#8243;][vc_wp_custommenu nav_menu=&#8221;7&#8243; el_class=&#8221;menuDroiteHebergement&#8221;][\/vc_column][\/vc_row][vc_row][vc_column][vc_separator color=&#8221;custom&#8221; accent_color=&#8221;#61d007&#8243;][\/vc_column][\/vc_row][vc_row el_class=&#8221;documents-dl&#8221;][vc_column width=&#8221;2\/3&#8243;][vc_column_text] Fournitures [\/vc_column_text][vc_row_inner][vc_column_inner width=&#8221;1\/2&#8243; el_id=&#8221;Liste1&#8243;][vc_column_text el_class=&#8221;listeHebergement&#8221;] 1 lit (140\u00d7190) Canap\u00e9 1 WC Micro<span class=\"excerpt-hellip\"> [\u2026]<\/span><\/p>\n","protected":false},"author":1,"featured_media":0,"parent":0,"menu_order":0,"comment_status":"closed","ping_status":"closed","template":"","meta":[],"yoast_head":"<!-- This site is optimized with the Yoast SEO plugin v19.4 - https:\/\/yoast.com\/wordpress\/plugins\/seo\/ -->\n<title>Chalet 2 chambres - &quot;Au Pr\u00e9 du Lac&quot; - Camping ***<\/title>\n<meta name=\"description\" content=\"Your fully equipped chalet for 4 people on the shores of Lake Laffrey. For family or friends, enjoy the comfort and setting of the Au Pr\u00e9 du Lac campsite!\" \/>\n<meta name=\"robots\" content=\"index, follow, max-snippet:-1, max-image-preview:large, max-video-preview:-1\" \/>\n<link rel=\"canonical\" href=\"https:\/\/www.aupredulac.eu\/chalet-2-chambres\/\" \/>\n<meta property=\"og:locale\" content=\"en_US\" \/>\n<meta property=\"og:type\" content=\"article\" \/>\n<meta property=\"og:title\" content=\"Chalet 2 chambres - &quot;Au Pr\u00e9 du Lac&quot; - Camping ***\" \/>\n<meta property=\"og:description\" content=\"Your fully equipped chalet for 4 people on the shores of Lake Laffrey. For family or friends, enjoy the comfort and setting of the Au Pr\u00e9 du Lac campsite!\" \/>\n<meta property=\"og:url\" content=\"https:\/\/www.aupredulac.eu\/chalet-2-chambres\/\" \/>\n<meta property=\"og:site_name\" content=\"Au pre du Lac - Camping\" \/>\n<meta property=\"article:modified_time\" content=\"2025-12-09T12:27:01+00:00\" \/>\n<meta name=\"twitter:card\" content=\"summary_large_image\" \/>\n<meta name=\"twitter:label1\" content=\"Est. reading time\" \/>\n\t<meta name=\"twitter:data1\" content=\"1 minute\" \/>\n<script type=\"application\/ld+json\" class=\"yoast-schema-graph\">{\"@context\":\"https:\/\/schema.org\",\"@graph\":[{\"@type\":\"WebSite\",\"@id\":\"https:\/\/www.aupredulac.eu\/#website\",\"url\":\"https:\/\/www.aupredulac.eu\/\",\"name\":\"Au pre du Lac - Camping\",\"description\":\"\",\"potentialAction\":[{\"@type\":\"SearchAction\",\"target\":{\"@type\":\"EntryPoint\",\"urlTemplate\":\"https:\/\/www.aupredulac.eu\/?s={search_term_string}\"},\"query-input\":\"required name=search_term_string\"}],\"inLanguage\":\"en-US\"},{\"@type\":\"WebPage\",\"@id\":\"https:\/\/www.aupredulac.eu\/chalet-2-chambres\/\",\"url\":\"https:\/\/www.aupredulac.eu\/chalet-2-chambres\/\",\"name\":\"Chalet 2 chambres - \\\"Au Pr\u00e9 du Lac\\\" - Camping ***\",\"isPartOf\":{\"@id\":\"https:\/\/www.aupredulac.eu\/#website\"},\"datePublished\":\"2018-01-08T13:02:38+00:00\",\"dateModified\":\"2025-12-09T12:27:01+00:00\",\"description\":\"Your fully equipped chalet for 4 people on the shores of Lake Laffrey. For family or friends, enjoy the comfort and setting of the Au Pr\u00e9 du Lac campsite!\",\"breadcrumb\":{\"@id\":\"https:\/\/www.aupredulac.eu\/chalet-2-chambres\/#breadcrumb\"},\"inLanguage\":\"en-US\",\"potentialAction\":[{\"@type\":\"ReadAction\",\"target\":[\"https:\/\/www.aupredulac.eu\/chalet-2-chambres\/\"]}]},{\"@type\":\"BreadcrumbList\",\"@id\":\"https:\/\/www.aupredulac.eu\/chalet-2-chambres\/#breadcrumb\",\"itemListElement\":[{\"@type\":\"ListItem\",\"position\":1,\"name\":\"Accueil\",\"item\":\"https:\/\/www.aupredulac.eu\/en\/\"},{\"@type\":\"ListItem\",\"position\":2,\"name\":\"2 bedrooms Chalet (EN)\"}]}]}<\/script>\n<!-- \/ Yoast SEO plugin. -->","yoast_head_json":{"title":"Chalet 2 chambres - \"Au Pr\u00e9 du Lac\" - Camping ***","description":"Your fully equipped chalet for 4 people on the shores of Lake Laffrey. For family or friends, enjoy the comfort and setting of the Au Pr\u00e9 du Lac campsite!","robots":{"index":"index","follow":"follow","max-snippet":"max-snippet:-1","max-image-preview":"max-image-preview:large","max-video-preview":"max-video-preview:-1"},"canonical":"https:\/\/www.aupredulac.eu\/chalet-2-chambres\/","og_locale":"en_US","og_type":"article","og_title":"Chalet 2 chambres - \"Au Pr\u00e9 du Lac\" - Camping ***","og_description":"Your fully equipped chalet for 4 people on the shores of Lake Laffrey. For family or friends, enjoy the comfort and setting of the Au Pr\u00e9 du Lac campsite!","og_url":"https:\/\/www.aupredulac.eu\/chalet-2-chambres\/","og_site_name":"Au pre du Lac - Camping","article_modified_time":"2025-12-09T12:27:01+00:00","twitter_card":"summary_large_image","twitter_misc":{"Est. reading time":"1 minute"},"schema":{"@context":"https:\/\/schema.org","@graph":[{"@type":"WebSite","@id":"https:\/\/www.aupredulac.eu\/#website","url":"https:\/\/www.aupredulac.eu\/","name":"Au pre du Lac - Camping","description":"","potentialAction":[{"@type":"SearchAction","target":{"@type":"EntryPoint","urlTemplate":"https:\/\/www.aupredulac.eu\/?s={search_term_string}"},"query-input":"required name=search_term_string"}],"inLanguage":"en-US"},{"@type":"WebPage","@id":"https:\/\/www.aupredulac.eu\/chalet-2-chambres\/","url":"https:\/\/www.aupredulac.eu\/chalet-2-chambres\/","name":"Chalet 2 chambres - \"Au Pr\u00e9 du Lac\" - Camping ***","isPartOf":{"@id":"https:\/\/www.aupredulac.eu\/#website"},"datePublished":"2018-01-08T13:02:38+00:00","dateModified":"2025-12-09T12:27:01+00:00","description":"Your fully equipped chalet for 4 people on the shores of Lake Laffrey. For family or friends, enjoy the comfort and setting of the Au Pr\u00e9 du Lac campsite!","breadcrumb":{"@id":"https:\/\/www.aupredulac.eu\/chalet-2-chambres\/#breadcrumb"},"inLanguage":"en-US","potentialAction":[{"@type":"ReadAction","target":["https:\/\/www.aupredulac.eu\/chalet-2-chambres\/"]}]},{"@type":"BreadcrumbList","@id":"https:\/\/www.aupredulac.eu\/chalet-2-chambres\/#breadcrumb","itemListElement":[{"@type":"ListItem","position":1,"name":"Accueil","item":"https:\/\/www.aupredulac.eu\/en\/"},{"@type":"ListItem","position":2,"name":"2 bedrooms Chalet (EN)"}]}]}},"_links":{"self":[{"href":"https:\/\/www.aupredulac.eu\/en\/wp-json\/wp\/v2\/pages\/3336"}],"collection":[{"href":"https:\/\/www.aupredulac.eu\/en\/wp-json\/wp\/v2\/pages"}],"about":[{"href":"https:\/\/www.aupredulac.eu\/en\/wp-json\/wp\/v2\/types\/page"}],"author":[{"embeddable":true,"href":"https:\/\/www.aupredulac.eu\/en\/wp-json\/wp\/v2\/users\/1"}],"replies":[{"embeddable":true,"href":"https:\/\/www.aupredulac.eu\/en\/wp-json\/wp\/v2\/comments?post=3336"}],"version-history":[{"count":24,"href":"https:\/\/www.aupredulac.eu\/en\/wp-json\/wp\/v2\/pages\/3336\/revisions"}],"predecessor-version":[{"id":14487,"href":"https:\/\/www.aupredulac.eu\/en\/wp-json\/wp\/v2\/pages\/3336\/revisions\/14487"}],"wp:attachment":[{"href":"https:\/\/www.aupredulac.eu\/en\/wp-json\/wp\/v2\/media?parent=3336"}],"curies":[{"name":"wp","href":"https:\/\/api.w.org\/{rel}","templated":true}]}}