{"id":3330,"date":"2018-01-08T14:01:55","date_gmt":"2018-01-08T13:01:55","guid":{"rendered":"http:\/\/www.aupredulac.eu\/mobil-home-grand-confort\/"},"modified":"2025-12-09T14:34:53","modified_gmt":"2025-12-09T13:34:53","slug":"mobil-home-grand-confort","status":"publish","type":"page","link":"https:\/\/www.aupredulac.eu\/en\/mobil-home-grand-confort\/","title":{"rendered":"Mobile-Home Comfort + (EN)"},"content":{"rendered":"<p>[vc_row equal_height=&#8221;yes&#8221;][vc_column width=&#8221;2\/3&#8243; el_id=&#8221;Slider1&#8243;][rev_slider_vc alias=&#8221;mobilhomeconfort&#8221;][\/vc_column][vc_column css_animation=&#8221;slideInRight&#8221; width=&#8221;1\/3&#8243; el_id=&#8221;Bloc1&#8243;][vc_wp_custommenu nav_menu=&#8221;7&#8243; el_class=&#8221;menuDroiteHebergement&#8221;][\/vc_column][\/vc_row][vc_row][vc_column][vc_separator color=&#8221;custom&#8221; accent_color=&#8221;#61d007&#8243;][\/vc_column][\/vc_row][vc_row el_class=&#8221;documents-dl&#8221;][vc_column width=&#8221;2\/3&#8243;][vc_column_text css=&#8221;.vc_custom_1516879181315{margin-bottom: -10px !important;}&#8221;]<\/p>\n<h3 style=\"text-align: left;\">Fournitures<\/h3>\n<p>[\/vc_column_text][vc_row_inner][vc_column_inner width=&#8221;1\/2&#8243; el_id=&#8221;Liste1&#8243;][vc_column_text el_class=&#8221;listeHebergement&#8221;]<\/p>\n<ul>\n<li>1 lit (160\u00d7200)<\/li>\n<li>4 chaises<\/li>\n<li>1 WC<\/li>\n<li>TV<\/li>\n<li>4 feux de cuisson<\/li>\n<li>1 r\u00e9frig\u00e9rateur<\/li>\n<li>lave vaisselle<\/li>\n<\/ul>\n<p>[\/vc_column_text][\/vc_column_inner][vc_column_inner width=&#8221;1\/2&#8243; el_id=&#8221;Liste2&#8243;][vc_column_text el_class=&#8221;listeHebergement&#8221;]<\/p>\n<ul>\n<li>2 lits (80\u00d7190)<\/li>\n<li>1Canap\u00e9 convertible<\/li>\n<li>Salle de bain douche<\/li>\n<li>1 micro-onde<\/li>\n<li>cafeti\u00e8re a filtre<\/li>\n<li>grille pain<\/li>\n<li>bouilloire<\/li>\n<li>\u00c9tendoir \u00e0 linge<\/li>\n<li>Balais<\/li>\n<li>serpilli\u00e8re<\/li>\n<li>Salon de jardin<\/li>\n<li>Parking<\/li>\n<li>couettes et oreillers<\/li>\n<\/ul>\n<p>[\/vc_column_text][\/vc_column_inner][\/vc_row_inner][\/vc_column][vc_column css_animation=&#8221;slideInRight&#8221; width=&#8221;1\/3&#8243; css=&#8221;.vc_custom_1523456509185{background-color: #f0f0f1 !important;}&#8221; el_id=&#8221;Reservation&#8221;][vc_btn title=&#8221;R\u00e9server&#8221; color=&#8221;warning&#8221; align=&#8221;center&#8221; css_animation=&#8221;none&#8221; button_block=&#8221;true&#8221; link=&#8221;url:https%3A%2F%2Fbookingpremium.secureholiday.net%2Ffr%2F1766%2F|target:%20_blank|&#8221; el_class=&#8221;btn-reserver&#8221;][vc_column_text]<\/p>\n<h3 style=\"text-align: center;\">DOCUMENTS \u00c0 T\u00c9L\u00c9CHARGER<\/h3>\n<p>[\/vc_column_text][vc_btn title=&#8221;R\u00e8glement&#8221; color=&#8221;warning&#8221; align=&#8221;center&#8221; button_block=&#8221;true&#8221; link=&#8221;url:%2Fwp-content%2Fuploads%2F2018%2F01%2Freglement_terrains_de_camping.pdf|target:%20_blank|&#8221;][vc_btn title=&#8221;Conditions g\u00e9n\u00e9rales de ventes&#8221; color=&#8221;warning&#8221; align=&#8221;center&#8221; button_block=&#8221;true&#8221; link=&#8221;url:%2Fwp-content%2Fuploads%2F2018%2F01%2Fconditiondeventefr.pdf|target:%20_blank|&#8221;][\/vc_column][\/vc_row][vc_row][vc_column][vc_empty_space height=&#8221;20px&#8221;][vc_separator color=&#8221;custom&#8221; accent_color=&#8221;#61d007&#8243;][vc_column_text css=&#8221;.vc_custom_1765287184117{margin-top: 100px !important;}&#8221;]<\/p>\n<h3>Tarifs Mobil-Home Grand Confort 2 Chambres 4 Personnes<\/h3>\n<p>Basse saison 01\/05\/26 au 26\/06\/26 et 29\/08\/26 au 04\/10\/26<\/p>\n<p>Moyenne saison 27\/06\/26 au 10\/07\/26 et 17\/08\/26 au 28\/08\/26<\/p>\n<p>Haute saison du 11\/07\/26 au 16\/08\/26[\/vc_column_text][vc_raw_html]JTNDZGl2JTIwc3R5bGUlM0QlMjJvdmVyZmxvdy14JTNBYXV0byUzQiUyMiUzRSUwQSUwOSUzQ3RhYmxlJTIwY2xhc3MlM0QlMjJ0YWJsZUhlYmVyZ2VtZW50JTIyJTNFJTBBJTA5JTA5JTNDdHIlM0UlMEElMDklMDklMDklM0N0aCUzRVNhaXNvbiUzQyUyRnRoJTNFJTBBJTA5JTA5JTA5JTNDdGglM0UyJTIwbnVpdHMlM0MlMkZ0aCUzRSUwQSUwOSUwOSUwOSUzQ3RoJTNFMyUyMG51aXRzJTNDJTJGdGglM0UlMEElMDklMDklMDklM0N0aCUzRTQlMjBudWl0cyUzQyUyRnRoJTNFJTBBJTA5JTA5JTA5JTNDdGglM0U1JTIwbnVpdHMlM0MlMkZ0aCUzRSUwQSUwOSUwOSUwOSUzQ3RoJTNFNiUyMG51aXRzJTNDJTJGdGglM0UlMEElMDklMDklMDklM0N0aCUzRVNlbWFpbmUlM0MlMkZ0aCUzRSUwQSUwOSUwOSUzQyUyRnRyJTNFJTBBJTA5JTA5JTNDdHIlM0UlMEElMDklMDklMDklM0N0ZCUzRUJhc3NlJTNDJTJGdGQlM0UlMEElMDklMDklMDklM0N0ZCUzRSUyMDIwMCVFMiU4MiVBQyUyMCUyMCUzQyUyRnRkJTNFJTBBJTA5JTA5JTA5JTNDdGQlM0UyNjAlRTIlODIlQUMlMjAlM0MlMkZ0ZCUzRSUwQSUwOSUwOSUwOSUzQ3RkJTNFMzIwJUUyJTgyJUFDJTIwJTIwJTIwJTNDJTJGdGQlM0UlMEElMDklMDklMDklM0N0ZCUzRTM4MCVFMiU4MiVBQyUyMCUzQyUyRnRkJTNFJTBBJTA5JTA5JTA5JTNDdGQlM0UlMjA0NDAlRTIlODIlQUMlMjAlM0MlMkZ0ZCUzRSUwQSUwOSUwOSUwOSUzQ3RkJTNFNDkwJTNDJTJGdGQlM0UlMEElMDklMDklM0MlMkZ0ciUzRSUwQSUwOSUwOSUzQ3RyJTNFJTBBJTA5JTA5JTA5JTNDdGQlM0VIYXV0ZSUzQyUyRnRkJTNFJTBBJTA5JTA5JTA5JTNDdGQlM0VYJTNDJTJGdGQlM0UlMEElMDklMDklMDklM0N0ZCUzRVglM0MlMkZ0ZCUzRSUwQSUwOSUwOSUwOSUzQ3RkJTNFWCUzQyUyRnRkJTNFJTBBJTA5JTA5JTA5JTNDdGQlM0VYJTNDJTJGdGQlM0UlMEElMDklMDklMDklM0N0ZCUzRVglM0MlMkZ0ZCUzRSUwQSUwOSUwOSUwOSUzQ3RkJTNFODgwJUUyJTgyJUFDJTNDJTJGdGQlM0UlMEElMDklMDklM0MlMkZ0ciUzRSUwQSUwOSUzQyUyRnRhYmxlJTNFJTBBJTNDJTJGZGl2JTNF[\/vc_raw_html][\/vc_column][\/vc_row][vc_row][vc_column][vc_single_image image=&#8221;14380&#8243; img_size=&#8221;large&#8221; alignment=&#8221;center&#8221; onclick=&#8221;link_image&#8221; title=&#8221;Plan du camping&#8221;][\/vc_column][\/vc_row]<\/p>\n","protected":false},"excerpt":{"rendered":"<p>[vc_row equal_height=&#8221;yes&#8221;][vc_column width=&#8221;2\/3&#8243; el_id=&#8221;Slider1&#8243;][rev_slider_vc alias=&#8221;mobilhomeconfort&#8221;][\/vc_column][vc_column css_animation=&#8221;slideInRight&#8221; width=&#8221;1\/3&#8243; el_id=&#8221;Bloc1&#8243;][vc_wp_custommenu nav_menu=&#8221;7&#8243; el_class=&#8221;menuDroiteHebergement&#8221;][\/vc_column][\/vc_row][vc_row][vc_column][vc_separator color=&#8221;custom&#8221; accent_color=&#8221;#61d007&#8243;][\/vc_column][\/vc_row][vc_row el_class=&#8221;documents-dl&#8221;][vc_column width=&#8221;2\/3&#8243;][vc_column_text css=&#8221;.vc_custom_1516879181315{margin-bottom: -10px !important;}&#8221;] Fournitures [\/vc_column_text][vc_row_inner][vc_column_inner width=&#8221;1\/2&#8243; el_id=&#8221;Liste1&#8243;][vc_column_text el_class=&#8221;listeHebergement&#8221;] 1 lit (160\u00d7200) 4<span class=\"excerpt-hellip\"> [\u2026]<\/span><\/p>\n","protected":false},"author":1,"featured_media":0,"parent":0,"menu_order":0,"comment_status":"closed","ping_status":"closed","template":"","meta":[],"yoast_head":"<!-- This site is optimized with the Yoast SEO plugin v19.4 - https:\/\/yoast.com\/wordpress\/plugins\/seo\/ -->\n<title>Mobile-Home Comfort + (EN) - Au pre du Lac - Camping<\/title>\n<meta name=\"description\" content=\"For more comfort with a view of the mountain and the lake, we have a very comfortable mobile home which is ideal for accommodating 4 people.\" \/>\n<meta name=\"robots\" content=\"index, follow, max-snippet:-1, max-image-preview:large, max-video-preview:-1\" \/>\n<link rel=\"canonical\" href=\"https:\/\/www.aupredulac.eu\/mobil-home-grand-confort\/\" \/>\n<meta property=\"og:locale\" content=\"en_US\" \/>\n<meta property=\"og:type\" content=\"article\" \/>\n<meta property=\"og:title\" content=\"Mobile-Home Comfort + (EN) - Au pre du Lac - Camping\" \/>\n<meta property=\"og:description\" content=\"For more comfort with a view of the mountain and the lake, we have a very comfortable mobile home which is ideal for accommodating 4 people.\" \/>\n<meta property=\"og:url\" content=\"https:\/\/www.aupredulac.eu\/mobil-home-grand-confort\/\" \/>\n<meta property=\"og:site_name\" content=\"Au pre du Lac - Camping\" \/>\n<meta property=\"article:modified_time\" content=\"2025-12-09T13:34:53+00:00\" \/>\n<meta name=\"twitter:card\" content=\"summary_large_image\" \/>\n<meta name=\"twitter:label1\" content=\"Est. reading time\" \/>\n\t<meta name=\"twitter:data1\" content=\"1 minute\" \/>\n<script type=\"application\/ld+json\" class=\"yoast-schema-graph\">{\"@context\":\"https:\/\/schema.org\",\"@graph\":[{\"@type\":\"WebSite\",\"@id\":\"https:\/\/www.aupredulac.eu\/#website\",\"url\":\"https:\/\/www.aupredulac.eu\/\",\"name\":\"Au pre du Lac - Camping\",\"description\":\"\",\"potentialAction\":[{\"@type\":\"SearchAction\",\"target\":{\"@type\":\"EntryPoint\",\"urlTemplate\":\"https:\/\/www.aupredulac.eu\/?s={search_term_string}\"},\"query-input\":\"required name=search_term_string\"}],\"inLanguage\":\"en-US\"},{\"@type\":\"WebPage\",\"@id\":\"https:\/\/www.aupredulac.eu\/mobil-home-grand-confort\/\",\"url\":\"https:\/\/www.aupredulac.eu\/mobil-home-grand-confort\/\",\"name\":\"Mobile-Home Comfort + (EN) - Au pre du Lac - Camping\",\"isPartOf\":{\"@id\":\"https:\/\/www.aupredulac.eu\/#website\"},\"datePublished\":\"2018-01-08T13:01:55+00:00\",\"dateModified\":\"2025-12-09T13:34:53+00:00\",\"description\":\"For more comfort with a view of the mountain and the lake, we have a very comfortable mobile home which is ideal for accommodating 4 people.\",\"breadcrumb\":{\"@id\":\"https:\/\/www.aupredulac.eu\/mobil-home-grand-confort\/#breadcrumb\"},\"inLanguage\":\"en-US\",\"potentialAction\":[{\"@type\":\"ReadAction\",\"target\":[\"https:\/\/www.aupredulac.eu\/mobil-home-grand-confort\/\"]}]},{\"@type\":\"BreadcrumbList\",\"@id\":\"https:\/\/www.aupredulac.eu\/mobil-home-grand-confort\/#breadcrumb\",\"itemListElement\":[{\"@type\":\"ListItem\",\"position\":1,\"name\":\"Accueil\",\"item\":\"https:\/\/www.aupredulac.eu\/en\/\"},{\"@type\":\"ListItem\",\"position\":2,\"name\":\"Mobile-Home Comfort + (EN)\"}]}]}<\/script>\n<!-- \/ Yoast SEO plugin. -->","yoast_head_json":{"title":"Mobile-Home Comfort + (EN) - Au pre du Lac - Camping","description":"For more comfort with a view of the mountain and the lake, we have a very comfortable mobile home which is ideal for accommodating 4 people.","robots":{"index":"index","follow":"follow","max-snippet":"max-snippet:-1","max-image-preview":"max-image-preview:large","max-video-preview":"max-video-preview:-1"},"canonical":"https:\/\/www.aupredulac.eu\/mobil-home-grand-confort\/","og_locale":"en_US","og_type":"article","og_title":"Mobile-Home Comfort + (EN) - Au pre du Lac - Camping","og_description":"For more comfort with a view of the mountain and the lake, we have a very comfortable mobile home which is ideal for accommodating 4 people.","og_url":"https:\/\/www.aupredulac.eu\/mobil-home-grand-confort\/","og_site_name":"Au pre du Lac - Camping","article_modified_time":"2025-12-09T13:34:53+00:00","twitter_card":"summary_large_image","twitter_misc":{"Est. reading time":"1 minute"},"schema":{"@context":"https:\/\/schema.org","@graph":[{"@type":"WebSite","@id":"https:\/\/www.aupredulac.eu\/#website","url":"https:\/\/www.aupredulac.eu\/","name":"Au pre du Lac - Camping","description":"","potentialAction":[{"@type":"SearchAction","target":{"@type":"EntryPoint","urlTemplate":"https:\/\/www.aupredulac.eu\/?s={search_term_string}"},"query-input":"required name=search_term_string"}],"inLanguage":"en-US"},{"@type":"WebPage","@id":"https:\/\/www.aupredulac.eu\/mobil-home-grand-confort\/","url":"https:\/\/www.aupredulac.eu\/mobil-home-grand-confort\/","name":"Mobile-Home Comfort + (EN) - Au pre du Lac - Camping","isPartOf":{"@id":"https:\/\/www.aupredulac.eu\/#website"},"datePublished":"2018-01-08T13:01:55+00:00","dateModified":"2025-12-09T13:34:53+00:00","description":"For more comfort with a view of the mountain and the lake, we have a very comfortable mobile home which is ideal for accommodating 4 people.","breadcrumb":{"@id":"https:\/\/www.aupredulac.eu\/mobil-home-grand-confort\/#breadcrumb"},"inLanguage":"en-US","potentialAction":[{"@type":"ReadAction","target":["https:\/\/www.aupredulac.eu\/mobil-home-grand-confort\/"]}]},{"@type":"BreadcrumbList","@id":"https:\/\/www.aupredulac.eu\/mobil-home-grand-confort\/#breadcrumb","itemListElement":[{"@type":"ListItem","position":1,"name":"Accueil","item":"https:\/\/www.aupredulac.eu\/en\/"},{"@type":"ListItem","position":2,"name":"Mobile-Home Comfort + (EN)"}]}]}},"_links":{"self":[{"href":"https:\/\/www.aupredulac.eu\/en\/wp-json\/wp\/v2\/pages\/3330"}],"collection":[{"href":"https:\/\/www.aupredulac.eu\/en\/wp-json\/wp\/v2\/pages"}],"about":[{"href":"https:\/\/www.aupredulac.eu\/en\/wp-json\/wp\/v2\/types\/page"}],"author":[{"embeddable":true,"href":"https:\/\/www.aupredulac.eu\/en\/wp-json\/wp\/v2\/users\/1"}],"replies":[{"embeddable":true,"href":"https:\/\/www.aupredulac.eu\/en\/wp-json\/wp\/v2\/comments?post=3330"}],"version-history":[{"count":32,"href":"https:\/\/www.aupredulac.eu\/en\/wp-json\/wp\/v2\/pages\/3330\/revisions"}],"predecessor-version":[{"id":14583,"href":"https:\/\/www.aupredulac.eu\/en\/wp-json\/wp\/v2\/pages\/3330\/revisions\/14583"}],"wp:attachment":[{"href":"https:\/\/www.aupredulac.eu\/en\/wp-json\/wp\/v2\/media?parent=3330"}],"curies":[{"name":"wp","href":"https:\/\/api.w.org\/{rel}","templated":true}]}}